{"id":470,"date":"2020-12-01T13:59:57","date_gmt":"2020-12-01T12:59:57","guid":{"rendered":"https:\/\/energieinvisible.fr\/?page_id=470"},"modified":"2020-12-02T16:00:16","modified_gmt":"2020-12-02T15:00:16","slug":"470-2","status":"publish","type":"page","link":"https:\/\/energieinvisible.fr\/index.php\/470-2\/","title":{"rendered":"M\u00e9thode de soin"},"content":{"rendered":"<p>[et_pb_section fb_built=&#8221;1&#8243; admin_label=&#8221;Hero section&#8221; _builder_version=&#8221;4.4.7&#8243; use_background_color_gradient=&#8221;on&#8221; background_color_gradient_start=&#8221;rgba(255,0,0,0.38)&#8221; background_color_gradient_end=&#8221;rgba(117,0,0,0.29)&#8221; background_color_gradient_direction=&#8221;360deg&#8221; background_color_gradient_overlays_image=&#8221;on&#8221; background_image=&#8221;https:\/\/energieinvisible.fr\/wp-content\/uploads\/2020\/12\/Methode_back-scaled.jpg&#8221; background_position=&#8221;bottom_center&#8221; background_blend=&#8221;multiply&#8221; custom_margin=&#8221;|||&#8221; custom_padding=&#8221;5.2%||14.1%|||&#8221;][et_pb_row column_structure=&#8221;2_3,1_3&#8243; _builder_version=&#8221;4.4.7&#8243; custom_margin=&#8221;|||&#8221;][et_pb_column type=&#8221;2_3&#8243; _builder_version=&#8221;4.4.7&#8243; custom_padding=&#8221;1px|||&#8221; custom_padding__hover=&#8221;|||&#8221;][et_pb_cta title=&#8221;Ma m\u00e9thode de soin&#8221; button_url=&#8221;#introduction&#8221; button_text=&#8221;Introduction&#8221; _builder_version=&#8221;4.4.7&#8243; header_level=&#8221;h1&#8243; header_font=&#8221;Lato|900||on|||||&#8221; header_font_size=&#8221;80px&#8221; header_letter_spacing=&#8221;2px&#8221; header_line_height=&#8221;1.2em&#8221; body_font=&#8221;Lato||||||||&#8221; body_font_size=&#8221;20px&#8221; body_line_height=&#8221;1.8em&#8221; use_background_color=&#8221;off&#8221; custom_button=&#8221;on&#8221; button_text_size=&#8221;16px&#8221; button_text_color=&#8221;#ffffff&#8221; button_bg_color=&#8221;#fa7f28&#8243; button_border_width=&#8221;6px&#8221; button_border_color=&#8221;#fa7f28&#8243; button_border_radius=&#8221;5px&#8221; button_letter_spacing=&#8221;2px&#8221; button_font=&#8221;Lato|900||on|||||&#8221; text_orientation=&#8221;left&#8221; max_width=&#8221;750px&#8221; module_alignment=&#8221;left&#8221; custom_margin=&#8221;|75px||||&#8221; animation_style=&#8221;fold&#8221; animation_intensity_fold=&#8221;16%&#8221; header_font_size_tablet=&#8221;46px&#8221; header_font_size_phone=&#8221;&#8221; header_font_size_last_edited=&#8221;on|tablet&#8221; header_text_shadow_style=&#8221;preset1&#8243; header_text_shadow_blur_strength=&#8221;0.6em&#8221; header_text_shadow_color=&#8221;rgba(0,0,0,0.6)&#8221; box_shadow_style_button=&#8221;preset3&#8243; box_shadow_blur_button=&#8221;30px&#8221; box_shadow_spread_button=&#8221;8px&#8221; box_shadow_color_button=&#8221;rgba(250,127,40,0.15)&#8221; button_letter_spacing_hover=&#8221;2px&#8221; button_text_size__hover_enabled=&#8221;off&#8221; button_one_text_size__hover_enabled=&#8221;off&#8221; button_two_text_size__hover_enabled=&#8221;off&#8221; button_text_color__hover_enabled=&#8221;off&#8221; button_one_text_color__hover_enabled=&#8221;off&#8221; button_two_text_color__hover_enabled=&#8221;off&#8221; button_border_width__hover_enabled=&#8221;off&#8221; button_one_border_width__hover_enabled=&#8221;off&#8221; button_two_border_width__hover_enabled=&#8221;off&#8221; button_border_color__hover_enabled=&#8221;off&#8221; button_one_border_color__hover_enabled=&#8221;off&#8221; button_two_border_color__hover_enabled=&#8221;off&#8221; button_border_radius__hover_enabled=&#8221;off&#8221; button_one_border_radius__hover_enabled=&#8221;off&#8221; button_two_border_radius__hover_enabled=&#8221;off&#8221; button_letter_spacing__hover_enabled=&#8221;on&#8221; button_letter_spacing__hover=&#8221;2px&#8221; button_one_letter_spacing__hover_enabled=&#8221;off&#8221; button_two_letter_spacing__hover_enabled=&#8221;off&#8221; button_bg_color__hover_enabled=&#8221;off&#8221; button_one_bg_color__hover_enabled=&#8221;off&#8221; button_two_bg_color__hover_enabled=&#8221;off&#8221;]<\/p>\n<p>Je donne ici des indications permettant de maintenir un \u00e9quilibre de sant\u00e9 optimum tout en utilisant des outils naturels. Cette page est destin\u00e9e aux professionnels de sant\u00e9 et chercheurs en qu\u00eate de r\u00e9ponse sur la nature de l&#8217;homme. Des informations riches et expliqu\u00e9es de mani\u00e8re scientifique et philosophique.\u00a0\u00a0<\/p>\n<p>[\/et_pb_cta][\/et_pb_column][et_pb_column type=&#8221;1_3&#8243; _builder_version=&#8221;3.25&#8243; custom_padding=&#8221;|||&#8221; custom_padding__hover=&#8221;|||&#8221;][et_pb_text _builder_version=&#8221;4.4.7&#8243; text_font=&#8221;Lato||||||||&#8221; text_text_color=&#8221;rgba(255,255,255,0.7)&#8221; text_font_size=&#8221;15px&#8221; text_line_height=&#8221;2em&#8221; link_font=&#8221;||||||||&#8221; link_text_color=&#8221;#ffffff&#8221; header_font=&#8221;||||||||&#8221; header_2_font=&#8221;Lato||||||||&#8221; header_3_font=&#8221;Lato|700|||||||&#8221; header_3_font_size=&#8221;23px&#8221; header_3_line_height=&#8221;1.5em&#8221; background_enable_color=&#8221;off&#8221; use_background_color_gradient=&#8221;on&#8221; background_color_gradient_start=&#8221;rgba(10,0,0,0.67)&#8221; background_color_gradient_end=&#8221;rgba(10,0,0,0)&#8221; background_color_gradient_direction=&#8221;540deg&#8221; background_color_gradient_start_position=&#8221;46%&#8221; background_layout=&#8221;dark&#8221; custom_margin=&#8221;6%||-20px|||&#8221; custom_margin_tablet=&#8221;40px|||&#8221; custom_margin_phone=&#8221;&#8221; custom_margin_last_edited=&#8221;on|tablet&#8221; custom_padding=&#8221;30px|30px|16px|30px||&#8221; custom_padding_tablet=&#8221;&#8221; custom_padding_phone=&#8221;&#8221; custom_padding_last_edited=&#8221;on|tablet&#8221; animation_style=&#8221;fold&#8221; animation_delay=&#8221;100ms&#8221; border_radii=&#8221;on|6px|6px|6px|6px&#8221; border_color_all=&#8221;#5e0100&#8243; border_width_top=&#8221;6px&#8221; locked=&#8221;off&#8221;]<\/p>\n<h3>Contacter le Th\u00e9rapeute<\/h3>\n<p>T\u00e9l\u00e9phone: 06.98.20.35.30<br \/> Email: <a href=\"mailto:agents@diviestate.com\">ei.linequartz@gmail.com<\/a><br \/> Pollet Simon &#8211; Praticien Linequartz<\/p>\n<p>[\/et_pb_text][\/et_pb_column][\/et_pb_row][\/et_pb_section][et_pb_section fb_built=&#8221;1&#8243; _builder_version=&#8221;4.4.7&#8243; custom_margin=&#8221;||-73px||false|false&#8221; custom_padding=&#8221;54px|0px|78px|0px|false|false&#8221; hover_enabled=&#8221;0&#8243;][et_pb_row column_structure=&#8221;1_2,1_2&#8243; use_custom_gutter=&#8221;on&#8221; gutter_width=&#8221;1&#8243; _builder_version=&#8221;4.4.7&#8243; background_color=&#8221;#ffffff&#8221; background_size=&#8221;initial&#8221; background_position=&#8221;top_left&#8221; background_repeat=&#8221;repeat&#8221; max_width=&#8221;1440px&#8221; custom_margin=&#8221;-9.2%|auto||auto||&#8221; custom_padding=&#8221;29px|0px|37px|0px||&#8221; animation_style=&#8221;slide&#8221; animation_direction=&#8221;bottom&#8221; animation_intensity_slide=&#8221;6%&#8221; animation_starting_opacity=&#8221;100%&#8221; border_radii=&#8221;on|15px|15px|15px|15px&#8221; border_color_all=&#8221;#591010&#8243; border_width_top=&#8221;18px&#8221; border_width_bottom=&#8221;2px&#8221; box_shadow_style=&#8221;preset3&#8243; box_shadow_vertical=&#8221;39px&#8221; box_shadow_blur=&#8221;80px&#8221; box_shadow_color=&#8221;rgba(0,0,0,0.1)&#8221; use_custom_width=&#8221;on&#8221; custom_width_px=&#8221;1440px&#8221;][et_pb_column type=&#8221;1_2&#8243; _builder_version=&#8221;3.25&#8243; custom_padding=&#8221;|40px||40px&#8221; custom_padding__hover=&#8221;|||&#8221;][et_pb_blurb title=&#8221;Vitamines&#8221; url=&#8221;#vitamines&#8221; use_icon=&#8221;on&#8221; font_icon=&#8221;%%38%%&#8221; icon_color=&#8221;#ffffff&#8221; use_circle=&#8221;on&#8221; circle_color=&#8221;#bdc1c9&#8243; use_icon_font_size=&#8221;on&#8221; icon_font_size=&#8221;40px&#8221; _builder_version=&#8221;4.4.7&#8243; header_font=&#8221;Lato|900||on|||||&#8221; header_font_size=&#8221;15px&#8221; header_letter_spacing=&#8221;1px&#8221; header_line_height=&#8221;1.4em&#8221; body_font=&#8221;Lato||||||||&#8221; body_text_color=&#8221;#898f99&#8243; body_font_size=&#8221;16px&#8221; body_line_height=&#8221;1.6em&#8221; text_orientation=&#8221;center&#8221; custom_margin=&#8221;|||&#8221; custom_padding=&#8221;|||&#8221; animation=&#8221;off&#8221;]<\/p>\n<p>Historique &#8211; D\u00e9couverte &#8211; R\u00f4les &#8211; Posologie\u00a0<\/p>\n<p>[\/et_pb_blurb][\/et_pb_column][et_pb_column type=&#8221;1_2&#8243; _builder_version=&#8221;3.25&#8243; custom_padding=&#8221;|40px||40px&#8221; custom_padding__hover=&#8221;|||&#8221;][et_pb_blurb title=&#8221;Microzymas&#8221; use_icon=&#8221;on&#8221; font_icon=&#8221;%%58%%&#8221; icon_color=&#8221;#ffffff&#8221; use_circle=&#8221;on&#8221; circle_color=&#8221;#bdc1c9&#8243; use_icon_font_size=&#8221;on&#8221; icon_font_size=&#8221;40px&#8221; _builder_version=&#8221;4.4.7&#8243; header_font=&#8221;Lato|900||on|||||&#8221; header_font_size=&#8221;15px&#8221; header_letter_spacing=&#8221;1px&#8221; header_line_height=&#8221;1.4em&#8221; body_font=&#8221;Lato||||||||&#8221; body_text_color=&#8221;#898f99&#8243; body_font_size=&#8221;16px&#8221; body_line_height=&#8221;1.6em&#8221; text_orientation=&#8221;center&#8221; custom_margin=&#8221;|||&#8221; custom_padding=&#8221;|||&#8221; animation=&#8221;off&#8221;]<\/p>\n<p>&#8211; La d\u00e9couverte du MICROZYMA &#8211;<\/p>\n<p>[\/et_pb_blurb][\/et_pb_column][\/et_pb_row][\/et_pb_section][et_pb_section fb_built=&#8221;1&#8243; admin_label=&#8221;About Section&#8221; _builder_version=&#8221;4.4.7&#8243; background_color=&#8221;#ffffff&#8221; background_enable_image=&#8221;off&#8221; parallax=&#8221;on&#8221; parallax_method=&#8221;off&#8221; custom_padding=&#8221;53px|0px|2px|0px||&#8221; hover_enabled=&#8221;0&#8243;][et_pb_row _builder_version=&#8221;4.4.7&#8243; link_option_url=&#8221;introduction&#8221;][et_pb_column type=&#8221;4_4&#8243; _builder_version=&#8221;4.4.7&#8243;][et_pb_text _builder_version=&#8221;4.4.7&#8243; text_text_color=&#8221;#e02b20&#8243; text_font_size=&#8221;45px&#8221; header_font=&#8221;|800||on|||||&#8221; header_text_align=&#8221;left&#8221; header_text_color=&#8221;#000000&#8243; header_font_size=&#8221;64px&#8221; custom_margin=&#8221;20px|||||&#8221; custom_padding=&#8221;||0px|67px||&#8221; header_text_shadow_style=&#8221;preset3&#8243; header_text_shadow_color=&#8221;rgba(0,0,0,0.3)&#8221;]<\/p>\n<h1 class=\"et_pb_module_header et-fb-editable-element et-fb-editable-element__editing\" data-shortcode-id=\"2.0.0.0-1606836067270\" data-quickaccess-id=\"header\" contenteditable=\"true\" style=\"text-align: left;\"><strong>Introduction<\/strong><\/h1>\n<p>&nbsp;<\/p>\n<p>[\/et_pb_text][\/et_pb_column][\/et_pb_row][et_pb_row _builder_version=&#8221;4.4.7&#8243;][et_pb_column type=&#8221;4_4&#8243; _builder_version=&#8221;4.4.7&#8243;][et_pb_text _builder_version=&#8221;4.4.7&#8243; module_alignment=&#8221;center&#8221; custom_margin=&#8221;0px||||false|false&#8221; custom_padding=&#8221;26px|29px|18px|69px|false|false&#8221; border_width_top=&#8221;2px&#8221; border_color_top=&#8221;#590000&#8243; border_style_top=&#8221;dotted&#8221; box_shadow_style=&#8221;preset3&#8243;]<\/p>\n<blockquote><\/blockquote>\n<p>Ma m\u00e9thode de soin consiste \u00e0 accompagner les personnes en souffrance physique, mentale et intellectuelle.<\/p>\n<p><span>Soulager les maux jusqu\u2019\u00e0 la gu\u00e9rison et le l\u00e2cher prise, sans l\u2019aide de produits chimiques et de m\u00e9dicaments.<\/span><\/p>\n<p>Je respecte et maintiens cet \u00e9quilibre hom\u00e9ostasique de l&#8217;homme en utilisant les \u00e9l\u00e9ments naturel qui nous entourent, de mani\u00e8re proportionn\u00e9e, entre les vitamines, les min\u00e9raux, la lumi\u00e8re (<span>Luminoth\u00e9rapie<\/span>), les couleurs (<span>Chromoth\u00e9rapie<\/span>), la musique (<span>Musicoth\u00e9rapie<\/span>), ainsi que les <strong>QUARTZ<\/strong>.<br \/> <strong>C\u2019est une m\u00e9decine BIO et non invasive.<\/strong><\/p>\n<p>Cet \u00e9quilibre hom\u00e9ostasique est la base de la sant\u00e9 de tous. Nous devons le g\u00e9rer et l\u2019organiser en respectant une loi g\u00e9n\u00e9rale impos\u00e9e par la nature\u00a0: <strong>L\u2019ORDRE<\/strong>.<br \/> Si cet ordre n&#8217;est pas respect\u00e9, c&#8217;est la maladie qui s&#8217;installe.<\/p>\n<p>C\u2019est le non-respect de cet ordre de la nature, aujourd\u2019hui, qui g\u00e9n\u00e8re des cons\u00e9quences tr\u00e8s graves et alarmantes sur notre climat, la qualit\u00e9 de notre eau, de l\u2019air, de la terre, ainsi que sur notre feu int\u00e9rieur <strong><em>(la Psysh\u00e9)<\/em><\/strong>.<\/p>\n<p>Pour mieux comprendre cet ordre, il faut consid\u00e9rer l&#8217;homme dans son enti\u00e8ret\u00e9.<br \/> Car personne ne peut pr\u00e9tendre avoir une vie \u00e9quilibr\u00e9e sans respecter, en lui, les proportions entre les deux \u00eatres constitutifs de sa nature, le <strong>CORPS<\/strong> et <strong>L&#8217;\u00c2ME<\/strong>. <em>(Platon &#8211; Tim\u00e9e.)<\/em><br \/> L&#8217;\u00e2me est le r\u00e9ceptacle de nos \u00e9motions. Le corps est le traducteur.<br \/> Ce qui explique les maladies psychosomatiques que nous connaissons tous. Je suis le premier \u00e0 affirmer que les \u00e9motions modifient notre chimie.<br \/> 80% de mes patients sont venus me consulter pour des d\u00e9s\u00e9quilibres li\u00e9s aux \u00e9motions et major\u00e9s par quelques carences importantes.<br \/> <strong>Je pense plus particuli\u00e8rement aux carences en Vitamine D-C-E et en SILICIUM. Pour moi, ce sont celles que nous devons \u00e9viter absolument. (<\/strong><em><strong>Je vous invite \u00e0 consulter l\u2019onglet VITAMINE pour plus d\u2019informations sur ce sujet).<\/strong><\/em><br \/> Les influences c\u00e9lestes jouent aussi un grand r\u00f4le sur notre \u00e9quilibre de sant\u00e9, ce sont d&#8217;ailleurs ces premi\u00e8res influences qui assujettissent notre corps lors de notre naissance.<br \/> <strong>Le travail des astres est la r\u00e9sultante de ce que nous sommes.<\/strong><br \/> Pour mieux comprendre, il est important de remonter dans le pass\u00e9 et de retenir trois choses importantes qu\u2019<strong>Hippocrate\u00b9<\/strong> a essay\u00e9 de nous enseigner.<\/p>\n<p><span><strong>1 &#8211; \u00ab\u00a0Dans l\u2019int\u00e9rieur du corps, existe un AGENT inconnu, qui travaille pour le tout et pour les parties, qui est \u00e0 la fois Un et Multiple\u00a0!\u00a0\u00bb<\/strong><\/span><br \/> Ce sont ses fameux micro-organismes que le <strong>Pr. Antoine B\u00e9champs<\/strong> a \u00e9tudi\u00e9s tout au long de sa vie professionnelle, apr\u00e8s sa fameuse exp\u00e9rience sur le sucre de cannes.<strong><em> (Voir l\u2019onglet Vitamine C)<\/em><\/strong>. Il a appel\u00e9 ces micro-organismes\u00a0: MICROZYMAS.<\/p>\n<ul>\n<li>Les g\u00e9ologues modernes les appellent\u00a0: <em>Nanobes<\/em> ou <em>Nanobact\u00e9ries<\/em>.<\/li>\n<li>Gaston Naessens\u00a0: <em>Somatides<\/em>.<\/li>\n<li>Dans la guerre des \u00e9toiles, ils sont baptis\u00e9s\u00a0: <em>M\u00e9diclorien<\/em>.<\/li>\n<li>En cette ann\u00e9e 2020, lors des recherches autour du pr\u00e9tendu Co-V, les scientifiques les ont appel\u00e9s\u00a0: <em>Exosomes<\/em>.<\/li>\n<\/ul>\n<blockquote>\n<p><em>\u00b9Hippocrate de Cos (460-365 avant notre \u00e8re)\u00a0: le p\u00e8re de la m\u00e9decine.<\/em><\/p>\n<p><em>Philosophe et m\u00e9decin grec du si\u00e8cle de P\u00e9ricl\u00e8s, il ouvrit une \u00e9cole d\u00e8s son retour d\u2019\u00c9gypte o\u00f9 il s\u2019\u00e9tait instruit pendant 5 ans.<\/em><\/p>\n<\/blockquote>\n<p><strong>2 &#8211;<\/strong> <strong>que ton aliment soit ton m\u00e9dicament.<\/strong><br \/> Il nous faut \u00e9viter les carences et les exc\u00e8s. Ces derniers sont en g\u00e9n\u00e9ral li\u00e9s aux addictions, aux envies et aux d\u00e9sirs.<br \/> Nous sommes tous responsable de notre sant\u00e9 et ce que nous mangeons est le reflet de ce que nous sommes.<\/p>\n<p>Ce que nous dig\u00e9rons sous forme de nourriture, notre cerveau le transforme en pens\u00e9es.<br \/> Au niveau de la nutrition et des compl\u00e9ments alimentaires, il faut respecter les proportions entre les vitamines, les min\u00e9raux etc&#8230;\u00a0<strong>Comme disaient les m\u00e9decins Grecs, \u00ab\u00a0M\u00ead\u00e8n agan\u00a0\u00bb, c\u2019est-\u00e0-dire\u00a0: ,ni plus, ni moins.<\/strong><\/p>\n<p><strong>3 &#8211; nul ne peut se pr\u00e9tendre m\u00e9decin s&#8217;il ne conna\u00eet les bases fondamentales de l&#8217;astrologie.<\/strong><br \/> En effet, les influences c\u00e9lestes n&#8217;\u00e9manent pas d&#8217;un objet, d&#8217;une plan\u00e8te ou de quoi que ce soit d&#8217;autre, comme on le pr\u00e9tend g\u00e9n\u00e9ralement \u00e0 tort, mais sont simplement la modification particuli\u00e8re et temporelle d&#8217;un milieu ambiant presque parfaitement homog\u00e8ne, que les anciens nommaient avec pertinence \u00ab\u00a0les eaux d&#8217;en haut\u00a0\u00bb <em><strong>(cf. la Gen\u00e8se dans la Bible).<\/strong><\/em><br \/> Les herm\u00e9tistes alchimistes affirment que \u2013 tout comme l&#8217;eau dont nous sommes form\u00e9s \u00e0 pr\u00e8s de 80% &#8211; les m\u00e9taux sont extr\u00eamement sensibles \u00e0 toutes modifications d&#8217;une ambiance vibratoire, quelle qu&#8217;elle soit.<\/p>\n<p>Du fait de leur nature sp\u00e9cifique cristalline, ils sont de tr\u00e8s fid\u00e8les r\u00e9sonateurs.<br \/> Or les organismes vivants contiennent tous des m\u00e9taux \u00e0 l&#8217;\u00e9tat de traces\u00a0:<strong> les oligo-\u00e9l\u00e9ments<\/strong>.<br \/> Les glandes endocrines, par ailleurs, contiennent une gel\u00e9e collo\u00efdale susceptible de conserver les formes g\u00e9om\u00e9triques \u2013 impos\u00e9es par le milieu ondulatoire \u00e9nerg\u00e9tique \u2013 qui peuvent \u00eatre modifi\u00e9es par la pr\u00e9sence de tel ou tel m\u00e9tal.<\/p>\n<p>Ce sont ceux-ci et celles-l\u00e0, par le biais ult\u00e9rieur des hormones, qui informent et transforment les organismes selon des cycles de pression et d\u00e9pression du milieu.<br \/> Cela \u00e9tait si \u00e9vident pour les anciens sages qui nous l\u00e9gu\u00e8rent les sciences ancestrales qu&#8217;ils donn\u00e8rent les m\u00eames noms aux plan\u00e8tes et aux m\u00e9taux, ainsi qu&#8217;aux dieux dont l&#8217;aspect, le comportement et les temp\u00e9raments furent les illustrations mythologiques des arch\u00e9types astrologiques correspondants.<\/p>\n<p>&nbsp;<\/p>\n<p>[\/et_pb_text][\/et_pb_column][\/et_pb_row][et_pb_row _builder_version=&#8221;4.4.7&#8243;][et_pb_column type=&#8221;4_4&#8243; _builder_version=&#8221;4.4.7&#8243;][et_pb_text _builder_version=&#8221;4.4.7&#8243; text_text_color=&#8221;#e02b20&#8243; text_font_size=&#8221;45px&#8221; header_font=&#8221;|800||on|||||&#8221; header_text_align=&#8221;left&#8221; header_text_color=&#8221;#000000&#8243; header_font_size=&#8221;64px&#8221; custom_margin=&#8221;41px|||||&#8221; custom_padding=&#8221;||0px|67px||&#8221; header_text_shadow_style=&#8221;preset3&#8243; header_text_shadow_color=&#8221;rgba(0,0,0,0.3)&#8221;]<\/p>\n<h1 class=\"et_pb_module_header et-fb-editable-element et-fb-editable-element__editing\" data-shortcode-id=\"2.0.0.0-1606836067270\" data-quickaccess-id=\"header\" contenteditable=\"true\" style=\"text-align: left;\"><strong>Conclusion<\/strong><\/h1>\n<p>&nbsp;<\/p>\n<p>[\/et_pb_text][\/et_pb_column][\/et_pb_row][et_pb_row _builder_version=&#8221;4.4.7&#8243;][et_pb_column type=&#8221;4_4&#8243; _builder_version=&#8221;4.4.7&#8243;][et_pb_text _builder_version=&#8221;4.4.7&#8243; module_alignment=&#8221;center&#8221; custom_margin=&#8221;0px||||false|false&#8221; custom_padding=&#8221;26px|29px|18px|69px|false|false&#8221; border_width_top=&#8221;2px&#8221; border_color_top=&#8221;#590000&#8243; border_style_top=&#8221;dotted&#8221; box_shadow_style=&#8221;preset3&#8243;]<\/p>\n<p><strong>1. Se conna\u00eetre soi-m\u00eame.<\/strong><\/p>\n<p>Le moment le plus important d&#8217;un voyage est le premier pas\u00a0: se conna\u00eetre soi-m\u00eame est le premier pas de notre voyage dans la vie. Il existe plusieurs outils pour atteindre cette connaissance. Pour ma part, je pense que le meilleur est<em><strong> l&#8217;astrologie herm\u00e9tique<\/strong><\/em>\u00a0: l&#8217;art et la connaissance des cycles.<br \/> Cette discipline a l&#8217;avantage de pouvoir r\u00e9pondre \u00e0 trois questions qui sont pour moi fondamentales dans la vie d&#8217;un homme\u00a0:<\/p>\n<p><span><strong>D&#8217;o\u00f9 est-ce que je viens ? \u2013 Qui suis-je ? \u2013 O\u00f9 est-ce que je vais ?<\/strong><\/span><\/p>\n<p><strong>2. Hygi\u00e8ne spirituelle\u00a0:<\/strong><\/p>\n<p>l\u2019essentiel est d\u2019aimer et d\u2019\u00eatre aim\u00e9 en retour, d\u2019un amour qui se donne \u00e0 l\u2019aim\u00e9. Il n&#8217;y a pas de meilleure stimulation pour vivre. Mais un tel amour sous-entend de la prudence, car l\u00e0 aussi, l&#8217;exc\u00e8s peut-\u00eatre cause de maladies (l&#8217;amour vampirisant, l&#8217;EGO&#8230;)<\/p>\n<p><strong> 3. Alimentation\u00a0:<\/strong><\/p>\n<p>l&#8217;alimentation doit \u00eatre pens\u00e9e en termes de fr\u00e9quence et de proportion, afin d&#8217;\u00e9viter les carences et les exc\u00e8s.<\/p>\n<p>Nos <strong>Microzymas<\/strong> ont besoin d&#8217;outils et de mat\u00e9riaux afin d&#8217;assurer le bon fonctionnement de notre organisme. Ce sont : <strong><em>les prot\u00e9ines \u2013 les lipides ou mati\u00e8res grasses \u2013 les glucides \u2013 les sels min\u00e9raux \u2013 la cellulose \u2013 l&#8217;eau \u2013 les oligo-\u00e9l\u00e9ments \u2013 les vitamines.<\/em><\/strong><br \/> Il faut rester attentif au niveau des apports en vitamines et prot\u00e9ines des aliments propos\u00e9s dans les grandes surfaces, car leur conditionnement d\u00e9truit une bonne partie de leur qualit\u00e9 vitale, m\u00eame en BIO. C\u2019est surtout important pour les v\u00e9g\u00e9taliens car ce r\u00e9gime entraine des carences manifestes au bout de quelques ann\u00e9es, en particulier en <strong>vitamine B12<\/strong>. Ces carences vont \u00eatre rapidement importantes et sources de troubles de sant\u00e9. Il faut \u00eatre tr\u00e8s vigilant sur ces apports en nutriments et trouver une adaptation particuli\u00e8re. (Les v\u00e9g\u00e9tariens consomment des laitages et des \u0153ufs qui \u00e9vitent ces carences).<\/p>\n<p>&#8212;&#8211;<\/p>\n<p>Un &#8220;individu&#8221; est en meilleure sant\u00e9 s\u2019il se nourrit sainement et de mani\u00e8re vari\u00e9e. Dans ce cas, il peut se contenter d&#8217;une suppl\u00e9mentation assez simple, tr\u00e8s efficace et peu co\u00fbteuse. Ses chances de tomber malade seront alors presque nulles.<br \/> Les vitamines \u00e0 privil\u00e9gier, selon moi, sont la <strong>Vitamine D, la vitamine C et la Vitamine E.<\/strong> Les vitamines du groupe B sont tr\u00e8s importantes, mais je la place en dernier car elles sont pr\u00e9sentes dans de nombreux produits propos\u00e9s \u00e0 la vente. (Voir l&#8217;onglet sur les vitamines).<br \/> Il faut y associer imp\u00e9rativement le <strong>silicium (Sio2)<\/strong><\/p>\n<p><strong>1. La vitamine D.<\/strong><br \/> Le soleil nous offre l&#8217;\u00e9t\u00e9 notre quota de vitamine D3. C&#8217;est un processus bio\u00e9nerg\u00e9tique qui permet aux plantes, \u00e0 l&#8217;homme et \u00e0 certaines bact\u00e9ries, de synth\u00e9tiser de la mati\u00e8re organique en exploitant la lumi\u00e8re du soleil. <strong>Une s\u00e9ance LineQuartz de 30 minutes offre au patient son quota de Vitamine D3 pour 3 jours !<\/strong> La <strong>vitamine D<\/strong>, dans l\u2019organisme, est le chef d&#8217;orchestre qui contr\u00f4le l&#8217;absorption du <strong>calcium, sa fixation sur l&#8217;os et son excr\u00e9tion r\u00e9nale.<\/strong><\/p>\n<p><strong>2. La vitamine C.<\/strong><br \/> Elle intervient \u00e0 plusieurs niveaux. La suppl\u00e9mentation en vitamine C naturelle de bonne qualit\u00e9<strong> (Acide L-Ascorbique)<\/strong> met les MICROZYMAS dans les conditions optimales de la vie. Sans elle, ils fonctionnent au ralenti. <strong><em>(Voir l&#8217;onglet sur les vitamines).<\/em><\/strong><\/p>\n<p><strong>3. La vitamine E.<\/strong><br \/> Il est possible de dire qu&#8217;elle est l&#8217;\u00e9quivalent sp\u00e9cifique de la<strong> vitamine C<\/strong> pour <strong>la peau, le cerveau, les vaisseaux sanguins et les articulations,<\/strong><em><strong> (Voir l&#8217;onglet sur les vitamines).<\/strong><\/em><\/p>\n<p><strong>4. Le silicium &#8211; Sio\u00b2.<\/strong><br \/> Il est surtout important pour l&#8217;adulte, car la quantit\u00e9 de silicium organique diminue chez l\u2019homme d\u00e8s la fin de l\u2019adolescence. L\u2019\u00eatre humain ne peut pas transformer le silicium min\u00e9ral en silicium organique\u00a0!<br \/> <strong>La silice organique<\/strong> est indispensable pour maintenir la qualit\u00e9 du tissu conjonctif et des fibres \u00e9lastiques (<strong>tendons, ligaments et articulations<\/strong>). Elle intervient \u00e9galement dans la qualit\u00e9 de la peau et des vaisseaux sanguins.<br \/> <strong>Le silicium est aussi pr\u00e9sent dans le thymus, les surr\u00e9nales, le foie, la rate, le pancr\u00e9as, les dents, les cheveux et les ongles.<\/strong><br \/> <strong> Le silicium n\u2019est pas un simple oligo\u00e9l\u00e9ment. <\/strong>L\u2019organisme humain en contient entre <strong>6<\/strong> et <strong>10<\/strong> grammes selon l\u2019\u00e2ge. Par comparaison, les quantit\u00e9s de fer et de cuivre se situent entre<strong> 4<\/strong> et<strong> 5<\/strong> grammes.<br \/> <em><strong>Le silicium organique a un r\u00f4le de catalyseur, il est r\u00e9cepteur et transmetteur d\u2019\u00e9nergie pendant la croissance du f\u0153tus et de l\u2019enfant, il \u00e9quilibre la pubert\u00e9, il harmonise le syst\u00e8me nerveux et le psychisme de tout un chacun.<\/strong><\/em><\/p>\n<p><span>\u00ab\u00a0Plus ton corps est fort, plus il te suit\u00a0; plus il est faible et plus tu le suis.\u00a0\u00bb<\/span><\/p>\n<p>[\/et_pb_text][\/et_pb_column][\/et_pb_row][et_pb_row _builder_version=&#8221;4.4.7&#8243;][et_pb_column type=&#8221;4_4&#8243; _builder_version=&#8221;4.4.7&#8243;][et_pb_text _builder_version=&#8221;4.4.7&#8243; text_text_color=&#8221;#e02b20&#8243; text_font_size=&#8221;45px&#8221; header_font=&#8221;|800||on|||||&#8221; header_text_align=&#8221;left&#8221; header_text_color=&#8221;#000000&#8243; header_font_size=&#8221;64px&#8221; custom_margin=&#8221;41px|||||&#8221; custom_padding=&#8221;||0px|67px||&#8221; header_text_shadow_style=&#8221;preset3&#8243; header_text_shadow_color=&#8221;rgba(0,0,0,0.3)&#8221;]<\/p>\n<h1 class=\"et_pb_module_header et-fb-editable-element et-fb-editable-element__editing\" data-shortcode-id=\"2.0.0.0-1606836067270\" data-quickaccess-id=\"header\" contenteditable=\"true\" style=\"text-align: left;\"><strong>Les Microzymas<\/strong><\/h1>\n<p>&nbsp;<\/p>\n<p>[\/et_pb_text][\/et_pb_column][\/et_pb_row][et_pb_row _builder_version=&#8221;4.4.7&#8243;][et_pb_column type=&#8221;4_4&#8243; _builder_version=&#8221;4.4.7&#8243;][et_pb_text _builder_version=&#8221;4.4.7&#8243; module_alignment=&#8221;center&#8221; custom_margin=&#8221;0px||||false|false&#8221; custom_padding=&#8221;26px|29px|18px|69px|false|false&#8221; border_width_top=&#8221;2px&#8221; border_color_top=&#8221;#590000&#8243; border_style_top=&#8221;dotted&#8221; box_shadow_style=&#8221;preset3&#8243;]<\/p>\n<p>Se sont de minuscules granulations (30 \u00e0 60 nanom\u00e8tre\u00a0de diam\u00e8tre), anim\u00e9es du mouvement <strong>brownien<\/strong> &#8211; c&#8217;est \u00e0 dire d&#8217;une sorte de danse perp\u00e9tuelle &#8211; pr\u00e9sentes dans tous les tissus vivants, observables tr\u00e8s facilement au microscope \u00e0 partir d&#8217;un grossissement de <strong>750<\/strong>.<\/p>\n<p>Elles sont connus depuis que le microscope existe. Pour \u00eatre s\u00fbr de ne pas les voir et pouvoir faire l&#8217;impasse sur leur r\u00e9alit\u00e9, <strong>Louis Pasteur<\/strong> recommandait \u00e0 ses collaborateurs de ne jamais d\u00e9passer un grossissement de <strong>400&#8230;!<\/strong><br \/> Sans aucune raison valable, <strong><em>un peu comme les musiciens des orchestres qui sont pass\u00e9s \u00e0 l&#8217;accordage du en 432Hz au 440Hz du jour au lendemain&#8230;<\/em><\/strong><br \/> La v\u00e9ritable biologie microscopique met en \u00e9vidence les microzymas qui synth\u00e9tisent les ENZYMES et ZYMASES, construisent le squelette microscopique du corps, b\u00e2tissent les cellules \u00e0 la demande.<\/p>\n<p>&#8211; Ce sont probablement eux qui v\u00e9hiculent ou lisent dans l&#8217;eau vivante de notre corps les m\u00e9moires de notre v\u00e9cu et celles de nos anc\u00eatres.<br \/> &#8211; Ce sont eux aussi qui b\u00e2tissent \u00e0 la demande les germes qui leur permettent de d\u00e9monter certaines tumeurs.<br \/> &#8211; Ce sont eux qui b\u00e2tissent les cellules main dans la main et juxtapos\u00e9s.<br \/> &#8211; Ce sont eux que l&#8217;on prend habituellement pour des virus.<\/p>\n<p>Avec la microscopie \u00e9lectronique, l&#8217;\u00e9quipe de <strong>Philippa Uwins<\/strong> a pu confirmer que le <strong>Microzyma<\/strong> appara\u00eet comme une microcellule mesurant <strong>30 \u00e0 60 nanom\u00e8tre<\/strong> de diam\u00e8tre. Cette microcellule est limit\u00e9e par une membrane, elle r\u00e9agit positivement aux r\u00e9actifs <strong>ADN<\/strong>, et surtout en son centre, elle contient un cristal de <strong>SILICE<\/strong> ou <strong>SILICIUM<\/strong>.<\/p>\n<p>Nous pouvons raisonnablement penser que ce cristal de <strong>SILICIUM<\/strong> est un <strong>LECTEUR<\/strong> d&#8217;informations.<br \/> Ces informations, elles se trouvent d&#8217;une part dans l&#8217;eau du cytoplasme \u00e0 l&#8217;int\u00e9rieur de la membrane qui le d\u00e9limite.<br \/> Les mol\u00e9cules phospholipides de la membrane cellulaire se comportent comme un processus informatique.<\/p>\n<p>L&#8217;eau circule entre les cellules et elle contient <strong>1 To (t\u00e9raoctet)<\/strong> d&#8217;informations par <strong>Cm3<\/strong>.<\/p>\n<p>7 millions d&#8217;informations peuvent donc \u00eatre cod\u00e9 dans 7 Cm3 d&#8217;eau.<br \/> C&#8217;est probablement dans l&#8217;eau du cytoplasme que se trouve les informations g\u00e9n\u00e9tiques h\u00e9r\u00e9ditaires &#8211; identitaire en quelque sorte &#8211; qui caract\u00e9rise l&#8217;individu dans lequel se trouve le <strong>microzyma<\/strong>.<br \/> C&#8217;est l\u00e0 que les r\u00e9actifs ADN sont positifs, ce qui laisse supposer qu&#8217;il a besoin de sa structure pour les transformations complexes qu&#8217;il produit lors de l&#8217;assimilation des aliments.<br \/> C&#8217;est probablement l\u00e0 que sont fabriqu\u00e9es les hormones qui orchestrent la croissance de l&#8217;embryon, bien avant l&#8217;apparition du syst\u00e8me nerveux.<br \/> (<strong>Les travaux du Dr JEAN GAUTIER et du\u00a0Dr JEAN DU CHAZAUD vont dans ce sens.<\/strong>)<\/p>\n<p>Il y a aussi les informations pr\u00e9sente dans le milieu aqueux dans lequel il baigne: <strong>\u00a0constants bio\u00e9lectronique, ondes \u00e9lectromagn\u00e9tique, m\u00e9diateur chimique, neurotransmetteur, hormones divers<\/strong>, et aussi sans doute des informations plus subtiles &#8211; <strong>psychiques<\/strong> &#8211; comme la souffrance des animaux martyris\u00e9s et objecter que nous consommons.<\/p>\n<p>&nbsp;<\/p>\n<p><span style=\"font-size: large;\"><strong>La d\u00e9couverte des Microzymas<\/strong><\/span> &#8211; <strong><em>par Alain Scohy, docteur en m\u00e9decine et psychoth\u00e9rapeute.<\/em><\/strong><\/p>\n<p>D\u00e8s 1957, B\u00e9champs retrouve vivant dans certaine roches calcaires (plus de 12.5 million d&#8217;ann\u00e9es), dans certaines<br \/>eaux min\u00e9rales, dans l&#8217;air et dans divers autres milieux comme la poussi\u00e8re de l&#8217;air : <br \/><strong>Ce n&#8217;est pas par milliers qu&#8217;on les compte dans 1500 litres d&#8217;air, mais dans des centaines de milliers et davantage dans certains cas<\/strong>. Ce sont les plus petits ferments !<\/p>\n<p>Il met en route tout un &#8220;<strong>train<\/strong>&#8221; d&#8217;exp\u00e9rience avec une rigueur scientifique irr\u00e9prochable et d\u00e9montre qu&#8217;il existe en tant que bact\u00e9ries \u00e0 un degr\u00e9 inf\u00e9rieur de d\u00e9veloppement dans les muscles et les organes d&#8217;un animal encore vivant.<\/p>\n<p>Au microscope optique, les Microzymas se pr\u00e9sentent invariablement sous l&#8217;apparence de point brillant, dou\u00e9s d&#8217;une certaine mobilit\u00e9.<br \/>On peut les prendre (selon l&#8217;angle d&#8217;observation) comme des points noirs ou bien comme des sph\u00e8res dont le centre est brillant avec un contour\u00a0sombre.<br \/>Toute granulation mol\u00e9culaire n&#8217;est pas un Microzyma, mais tout Microzyma est une granulation mol\u00e9culaire.<br \/>Le Pr b\u00e9champ ne se targue pas de les avoirs d\u00e9couvertes, mais d&#8217;avoir d\u00e9montrer :<\/p>\n<p><strong>1-<\/strong> Que certaines d&#8217;entre elles &#8211; les Microzymas &#8211; sont des ferment d&#8217;une rare puissance, et par suite qu&#8217;elles sont<br \/>organis\u00e9es dans le sens de la structure.<\/p>\n<p><strong>2-<\/strong> Elles poss\u00e8dent une fonction de nutrition en vertu de laquelle elles op\u00e8rent des transformations profondes de<br \/>la mati\u00e8re fermentescible d&#8217;o\u00f9 naissent l&#8217;alcool, l&#8217;acide ac\u00e9tique, et dans certaine circonstances, l&#8217;acide lactique, l&#8217;acide butyrique et d&#8217;autres produits plus ou moins nombreux.<br \/>Cet alcool, ces acides, sont dit &#8220;produit de la fermentation&#8221; : en r\u00e9alit\u00e9, ils sont des &#8220;produits de d\u00e9sassimilation&#8221;.<br \/>Ce sont des sous produits et non pas des d\u00e9chets.<\/p>\n<p><strong>3-<\/strong> Qu&#8217;elles peuvent, dans les conditions d\u00e9termin\u00e9es, \u00e9voluer physiologiquement pour engendrer d&#8217;autres organismes (bact\u00e9rie).<\/p>\n<p><strong>4-<\/strong> Qu&#8217;elles peuvent construire des cellules dans certaines conditions.<br \/><strong>Les Microzymas sont facteurs de cellules.<\/strong><br \/><strong>De proche en proche, ce sont eux qui sont charg\u00e9s de construire l&#8217;\u00eatre organis\u00e9 que nous appelons un animal ou bien un v\u00e9g\u00e9tal.<\/strong><br \/><strong>Et il pr\u00e9cise : Il n&#8217;est pas en notre pouvoir, m\u00eame quand nous avons tous les germes de Microzymas \u00e0 notre<\/strong><br \/><strong>disposition, de constituer avec eux un v\u00e9g\u00e9tal ou bien un animal d&#8217;ordre un peu \u00e9lev\u00e9.<\/strong><\/p>\n<p>La composition du Microzyma rappelle celle de tous les blast\u00e8mes et protoplasma, ainsi que celle des cellules de levure et de la plupart des tissus vivants, v\u00e9g\u00e9taux et animaux :<br \/>80% d&#8217;eau environ, du carbone, de l&#8217;azote, de l&#8217;hydrog\u00e8ne, etc&#8230;<br \/>Leurs fonctions varient dans les diff\u00e9rents centres ou organes du m\u00eame \u00eatre.\u00a0<\/p>\n<p>&nbsp;<\/p>\n<p>[\/et_pb_text][\/et_pb_column][\/et_pb_row][et_pb_row _builder_version=&#8221;4.4.7&#8243; link_option_url=&#8221;vitamines&#8221;][et_pb_column type=&#8221;4_4&#8243; _builder_version=&#8221;4.4.7&#8243;][et_pb_text _builder_version=&#8221;4.4.7&#8243; text_text_color=&#8221;#e02b20&#8243; text_font_size=&#8221;45px&#8221; header_font=&#8221;|800||on|||||&#8221; header_text_align=&#8221;left&#8221; header_text_color=&#8221;#000000&#8243; header_font_size=&#8221;64px&#8221; custom_margin=&#8221;41px|||||&#8221; custom_padding=&#8221;||0px|67px||&#8221; header_text_shadow_style=&#8221;preset3&#8243; header_text_shadow_color=&#8221;rgba(0,0,0,0.3)&#8221;]<\/p>\n<h1 class=\"et_pb_module_header et-fb-editable-element et-fb-editable-element__editing\" data-shortcode-id=\"2.0.0.0-1606836067270\" data-quickaccess-id=\"header\" contenteditable=\"true\" style=\"text-align: left;\"><strong>Les Vitamines\u00a0<\/strong><\/h1>\n<p>&nbsp;<\/p>\n<p>[\/et_pb_text][\/et_pb_column][\/et_pb_row][et_pb_row _builder_version=&#8221;4.4.7&#8243;][et_pb_column type=&#8221;4_4&#8243; _builder_version=&#8221;4.4.7&#8243;][et_pb_text _builder_version=&#8221;4.4.7&#8243; module_alignment=&#8221;center&#8221; custom_margin=&#8221;0px||||false|false&#8221; custom_padding=&#8221;26px|29px|18px|69px|false|false&#8221; border_width_top=&#8221;2px&#8221; border_color_top=&#8221;#590000&#8243; border_style_top=&#8221;dotted&#8221; box_shadow_style=&#8221;preset3&#8243; content__hover_enabled=&#8221;off|desktop&#8221;]<\/p>\n<p>&nbsp;<\/p>\n<p>&#8212; <strong style=\"font-size: 14px;\"><span>Tir\u00e9 du livre &#8220;Une di\u00e9t\u00e9tique pour Gai Rire !&#8221; par Alain Scohy\u00a0<\/span><\/strong>&#8212;<\/p>\n<p><strong style=\"font-size: 14px;\">Linus Pauling<\/strong><span style=\"font-size: 14px;\"> conseillait d\u2019ABUSER des vitamines ! Et je crois sinc\u00e8rement qu\u2019il avait raison.<\/span>Les vitamines sont essentielles pour la vie, et notre alimentation moderne en comporte de moins en moins.<br \/> Il devient donc de plus en plus souvent indispensable de se \u201c<strong>compl\u00e9menter<\/strong>\u201d \u00e0 bonnes doses !<br \/> Les surdosages nocifs sont exceptionnels, et la frilosit\u00e9 du monde m\u00e9dical officiel \u00e0 ce niveau rel\u00e8ve plus du sabotage que d\u2019un r\u00e9alisme scientifique.<br \/> Les vitamines pourraient dans bien des cas \u00e9viter des <strong>rem\u00e8des chimiques n\u00e9fastes<\/strong>.<br \/> Elles permettent d\u2019\u00e9viter, ou au moins de limiter consid\u00e9rablement, les troubles li\u00e9s \u00e0 la <strong>s\u00e9nescence<\/strong>.<br \/> Elles se heurtent donc aux int\u00e9r\u00eats des laboratoires pharmaceutiques et des caisses de retraite !<br \/> Bien s\u00fbr, la <strong>vitamine C<\/strong> n\u2019est pas une vitamine.<br \/> J\u2019use ici d\u2019un classement diff\u00e9rent de l\u2019ordre alphab\u00e9tique \u00e0 dessein.<br \/> Je les pr\u00e9sente par ordre d\u2019importance \u2013 \u00e9tant bien entendu qu\u2019il s\u2019agit de mon avis bien modeste par rapport \u00e0 ma pratique professionnelle.<\/p>\n<p>&nbsp;<\/p>\n<p><span style=\"font-size: large; color: #6b0401;\"><strong>LA VITAMINE C<\/strong><\/span><\/p>\n<p><strong>L\u2019acide L-ASCORBIQUE ou VITAMINE C<\/strong><span> est une substance aussi essentielle que l&#8217;oxyg\u00e8ne pour nos microzymas. Avec la <\/span><strong>vitamine E<\/strong><span>, elle repr\u00e9sente l&#8217;un des deux principaux atouts qui nous permettent d&#8217;\u00e9viter vieillissement et d\u00e9g\u00e9n\u00e9rescence et de minimiser les pathologies et les maladies. Sa carence est tr\u00e8s probablement la seule cause de la Mort Subite du Nourrisson.\u00a0<\/span><em><strong>La plupart des animaux la synth\u00e9tisent \u2013 sauf quelques-uns dont les primates et en particulier l&#8217;homme.<\/strong><\/em><\/p>\n<p>&#8212;&#8211;<\/p>\n<p><em><strong>HISTORIQUE\u00a0<\/strong><\/em><\/p>\n<p><span>La description\u00a0<\/span><span>du <\/span><strong>scorbut<\/strong><span> figure sur des rouleaux de papyrus \u00e9gyptiens datant de 1550 avant J\u00e9sus Christ. L&#8217;Ancien Testament y fait r\u00e9f\u00e9rence. <\/span><strong>Hippocrate<\/strong><span> d\u00e9crit la maladie chez les soldats de l&#8217;\u00e9poque, 450 ans avant J\u00e9sus Christ.<\/span>L&#8217;histoire fourmille d&#8217;exemples o\u00f9 le scorbut est manifestement \u00e0 l&#8217;oeuvre, mais o\u00f9 sa responsabilit\u00e9 n&#8217;est pas mise en \u00e9vidence.<br \/> Par exemple, <strong>Vasco de Gama, en 1497, perd 100 marins sur 160 au cours de son voyage de Lisbonne aux Indes<\/strong>.<\/p>\n<p><span>Il semble que les marins puisent dans leurs r\u00e9serves (3 \u00e0 4% par jour) les trois premiers mois, puis la maladie s&#8217;installe : <\/span><strong><em>faiblesse, d\u00e9pression, irritabilit\u00e9, essoufflement rapide, douleurs musculaires<\/em><\/strong><span>. Puis les gencives et le nez saignent par fragilisation capillaire, le teint devient gris, la fi\u00e8vre s&#8217;installe, et h\u00e9morragies et infections emportent les malheureux.<\/span><\/p>\n<p><span>Ce n&#8217;est qu&#8217;entre le XVI\u00e8me et le XVIII\u00e8me si\u00e8cle que <\/span><strong>Jacques Cartier<\/strong><span>, <\/span><strong>John Hawkins<\/strong><span> puis<\/span><strong> James Lancaster<\/strong><span>, <\/span><strong>James Lind<\/strong><span>t et enfin <\/span><strong>James Cook<\/strong><span> trouvent le rem\u00e8de \u00e0 ce fl\u00e9au : consommer des v\u00e9g\u00e9taux frais, tisane d&#8217;aiguilles de pin, plantes et fruits frais, jus de citron, choucroute&#8230;\u00a0<\/span><strong>Albert Szent-Gy\u00f6rgyi<\/strong><span>, un hongrois n\u00e9 en 1892, travaille sur les taches d&#8217;oxydation brunes apparaissant \u00e0 la surface des fruits (pommes et poires) lorsqu&#8217;ils se g\u00e2tent. Il constate alors que les choux contiennent une substance capable d&#8217;emp\u00eacher ces taches de se former. Cette substance se lie \u00e0 l&#8217;oxyg\u00e8ne et le pi\u00e8ge ! Il l&#8217;isole en 1928 et lui donne le nom \u201c<\/span><strong>d&#8217;acide hexuronique<\/strong><span>\u201d. Il s&#8217;agit de <\/span><strong>LA SUBSTANCE ANTI-SCORBUT<\/strong><span>, acide ascorbique ou vitamine C. Albert Szent-Gy\u00f6rgyi sera r\u00e9compens\u00e9 par le prix Nobel en 1937.\u00a0<\/span><span>La structure pr\u00e9cise de l&#8217;acide ascorbique est \u00e9tablie en 1932 par <\/span><strong>Haworth<\/strong><span>, et la vitamine C est synth\u00e9tis\u00e9e en 1933 par <\/span><strong>Reichstein<\/strong><span>.<\/span><\/p>\n<p>Mais c&#8217;est le <strong>Pr. Linus PAULING<\/strong> qui a le plus oeuvr\u00e9 pour populariser cette substance. Il a tent\u00e9 de faire comprendre aux scientifiques et aux m\u00e9decins son immense int\u00e9r\u00eat en dehors de la pr\u00e9vention ou du traitement du scorbut. Un \u201cbonhomme\u201d fort sympathique, n&#8217;ayant pas froid au yeux, et dou\u00e9 d&#8217;une intelligence hors du commun. N\u00e9 en 1901, il est chimiste de formation. On peut dissocier trois p\u00f4les \u00e0 sa vie:<\/p>\n<p><strong>1 \u2013 Ses d\u00e9couvertes en chimie atomique :<\/strong><span> il travaille sur la structure de l&#8217;ADN et a \u00e9t\u00e9 le premier, avant <\/span><strong>Crick<\/strong><span> et <\/span><strong>Watson<\/strong><span>, \u00e0 d\u00e9crire l&#8217;h\u00e9lice alpha du collag\u00e8ne. En 1954, il re\u00e7oit le prix Nobel de chimie pour sa contribution \u00e0 la d\u00e9couverte des prot\u00e9ines.<\/span><\/p>\n<p><strong>2 \u2013 Sa croisade pour la paix :<\/strong><span> imm\u00e9diatement apr\u00e8s la derni\u00e8re guerre, il a pris conscience des horreurs inh\u00e9rentes \u00e0 ce genre d&#8217;\u00e9v\u00e9nements et du summum atteint par la guerre nucl\u00e9aire. Tr\u00e8s t\u00f4t, il s&#8217;oppose dans son pays (USA) \u00e0 la d\u00e9sinformation de r\u00e8gle vis-\u00e0-vis de l&#8217;\u00e9nergie nucl\u00e9aire et des bombes atomiques. Il fait tout pour obtenir l&#8217;arr\u00eat des essais nucl\u00e9aires dans l&#8217;atmosph\u00e8re. Le gouvernement am\u00e9ricain en vient m\u00eame \u00e0 lui confisquer son passeport (1951\/1954), lui interdisant ainsi la sortie du territoire, apr\u00e8s qu&#8217;il ait r\u00e9pliqu\u00e9 \u00e0 <strong>Mc&#8217;CARTHY<\/strong>, ministre des affaires \u00e9trang\u00e8res <em><strong>\u201cVous \u00eates un cancer sur le corps politique am\u00e9ricain !\u201d<\/strong><\/em>. Il sera ensuite \u00e0 plusieurs reprises menac\u00e9 de prison.\u00a0<\/span><span>Sa guerre avec les pouvoirs publics se poursuit jusqu&#8217;\u00e0 l&#8217;arriv\u00e9e \u00e0 la Maison Blanche de John Kennedy. C&#8217;est d&#8217;ailleurs peu apr\u00e8s, en 1963, qu\u2019il re\u00e7oit un deuxi\u00e8me prix Nobel pour son combat en faveur de la paix et que les superpuissances signent enfin un trait\u00e9 par lequel elles s&#8217;engagent \u00e0 ne plus mener d&#8217;essais dans l&#8217;atmosph\u00e8re.<\/span><\/p>\n<p><strong>3 \u2013 Son combat en faveur des vitamines et en particulier la vitamine C.<\/strong><span> Il ne se penche sur le probl\u00e8me des vitamines (pas seulement la \u201cC\u201d) qu&#8217;en 1953, dans l&#8217;optique de soulager les malades mentaux. Il parcourt la litt\u00e9rature scientifique de l&#8217;\u00e9poque sans a priori, se d\u00e9fendant de s&#8217;en tenir aux conclusions (obligatoirement impr\u00e9gn\u00e9es d&#8217;hypoth\u00e8ses plus ou moins v\u00e9rifiables) des divers chercheurs. Son but est de regrouper toutes les observations faites un peu partout, en toute objectivit\u00e9, mais pas seulement sur la vitamine C. En 1966, il est interpell\u00e9 par le <\/span><strong>Dr Irvin STONE<\/strong><span> qui lui propose \u2013 <\/span><strong><em>pour pouvoir vivre cinquante ann\u00e9es de plus \u2013 une suppl\u00e9mentation r\u00e9guli\u00e8re et suffisante en vitamine C<\/em><\/strong><span>. Il assortit son courrier d&#8217;articles de recherche qu&#8217;il vient d&#8217;\u00e9crire. Le <\/span><strong>Pr. Linus Pauling<\/strong><span> commence alors une suppl\u00e9mentation r\u00e9guli\u00e8re de plusieurs grammes par jour de vitamine C, avec son \u00e9pouse. Il constate avec surprise une \u201c<\/span><strong>forme<\/strong><span>\u201d tr\u00e8s sup\u00e9rieure, tant pour lui que pour son \u00e9pouse, et la disparition des <\/span><strong>rhumes<\/strong><span>.\u00a0<\/span><strong><em>Il est alors litt\u00e9ralement agress\u00e9 par un m\u00e9decin qui le traite de charlatan<\/em><\/strong><span>. Du coup, il entre \u00e0 fond dans l&#8217;\u00e9tude de cette vitamine C et d\u00e9couvre les preuves formelles et indiscutables de son efficacit\u00e9 (r\u00e9sultats d&#8217;\u00e9tudes en double aveugle, etc.). Il \u00e9crit un livre sur la question,<\/span><strong> \u201cVitamine C et rhume\u201d<\/strong><span> qui para\u00eet en 1970. <\/span><strong><em>C&#8217;est la lev\u00e9e de bouclier de tout le corps m\u00e9dical et le d\u00e9but d&#8217;un combat qu&#8217;il va mener jusqu&#8217;\u00e0 sa mort en 1994.<\/em><\/strong><\/p>\n<p>&nbsp;<\/p>\n<p><strong style=\"font-size: 14px;\"><span style=\"font-size: large;\">CHIMIE DE LA VITAMINE C\u00a0<\/span><\/strong><strong style=\"font-size: 14px;\"><em>La vitamine C est l\u2019acide L-ASCORBIQUE\u00a0:<\/em><\/strong><\/p>\n<p><span style=\"font-size: 14px;\">la fraction dextrogyre de l\u2019acide ascorbique qui, lui, est rac\u00e9mique.\u00a0<\/span><span style=\"font-size: 14px;\">Un produit rac\u00e9mique est constitu\u00e9 de 50% de substance <\/span><strong style=\"font-size: 14px;\">l\u00e9vogyre<\/strong><span style=\"font-size: 14px;\"> et de 50% de substance <\/span><strong style=\"font-size: 14px;\">dextrogyre<\/strong><span style=\"font-size: 14px;\">. Ces termes signifient que la substance dissoute dans un solvant fait tourner la lumi\u00e8re polaris\u00e9e soit \u00e0 <\/span><strong style=\"font-size: 14px;\">gauche<\/strong><span style=\"font-size: 14px;\"> (l\u00e9vogyre), soit \u00e0 <\/span><strong style=\"font-size: 14px;\">droite<\/strong><span style=\"font-size: 14px;\"> (dextrogyre).<\/span><\/p>\n<p><span style=\"font-size: 14px;\">Nous devons cette d\u00e9couverte fondamentale \u00e0 <\/span><strong style=\"font-size: 14px;\">Auguste Laurent<\/strong><span style=\"font-size: 14px;\">, un savant du XIXe si\u00e8cle.<\/span><\/p>\n<p><span style=\"font-size: 14px;\">Il faut veiller \u00e0 bien consommer la fraction dextrogyre qui est la seule \u00e0 \u00eatre utilisable par l\u2019organisme. La fraction l\u00e9vogyre est nuisible quant \u00e0 elle, car elle acidifie l\u2019organisme inutilement avant d\u2019\u00eatre \u00e9limin\u00e9e. Par ce fait, elle diminue les forces vitales et son \u00e9limination peut devenir probl\u00e9matique, g\u00e9n\u00e9rant des<\/span><strong style=\"font-size: 14px;\"> lithiases oxaliques<\/strong><span style=\"font-size: 14px;\"> dans les urines (<\/span><strong style=\"font-size: 14px;\">coliques n\u00e9phr\u00e9tiques<\/strong><span style=\"font-size: 14px;\">).<\/span><\/p>\n<p>L&#8217;acide L-Ascorbique est une poudre blanche cristalline qui se dissout dans l&#8217;eau, plus difficilement dans l&#8217;alcool, pas du tout dans l&#8217;\u00e9ther ou le chloroforme.<em> Elle est chimiquement tr\u00e8s proche du glucose<\/em>. La plupart des plantes et des animaux la fabriquent \u00e0 partir de ce sucre gr\u00e2ce \u00e0 deux enzymes. <strong>Les hommes, les cochons d&#8217;Inde, les singes, certains passereaux, les truites et les saumons sont incapables de la synth\u00e9tiser par manque d&#8217;une enzyme indispensable \u00e0 cette fabrication : la gulanolactone-oxydase.<\/strong><br \/> Le pH normal de l&#8217;acide L-ascorbique se situe aux alentours de <strong>2,5<\/strong>.<br \/> <strong>La vitamine C est tr\u00e8s bien tol\u00e9r\u00e9e par l&#8217;estomac :<\/strong> les malaises \u201cgastriques\u201d ou aigreurs que l&#8217;on peut observer proviennent de chasses biliaires intempestives qui ont lieu lorsqu&#8217;elle est prise \u00e0 jeun et que la v\u00e9sicule biliaire est engorg\u00e9e.<br \/> Le bicarbonate et les substances alcalines inactivent en partie la vitamine C et favorisent le vieillissement des tissus.<br \/> L&#8217;aspirine diminue l&#8217;absorption de la vitamine C.<br \/> La contraception orale de m\u00eame.<br \/> Au niveau des bilans biologiques en laboratoire, la vitamine C interf\u00e8re sur les dosages du taux de prothrombine et de la glyc\u00e9mie, pouvant faire croire injustement \u00e0 une anomalie.<\/p>\n<p><strong style=\"font-size: large;\"><\/strong><\/p>\n<p><strong style=\"font-size: large;\">R\u00d4LE DE LA VITAMINE C DANS L&#8217;ORGANISME<\/strong><\/p>\n<p><strong style=\"font-size: 14px;\">Elle intervient \u00e0 plusieurs niveaux :<\/strong><\/p>\n<p><span style=\"font-size: 14px;\">1) Dans les r\u00e9actions d&#8217;oxydor\u00e9duction, elle stoppe les m\u00e9canismes d&#8217;oxydation effr\u00e9n\u00e9e, par pr\u00eat de ses \u00e9lectrons&#8230;\u00a0<\/span><\/p>\n<p><span style=\"font-size: 14px;\">2) Elle permet aux microzymas de construire le <\/span><strong style=\"font-size: 14px;\">COLLAG\u00c8NE<\/strong><span style=\"font-size: 14px;\">, \u00e0 la base de la constitution du tissu conjonctif, <\/span><strong style=\"font-size: 14px;\">des os, des dents, des cartilages, et de tous les tissus de l&#8217;organisme<\/strong><span style=\"font-size: 14px;\"> \u2013 jusque et y compris les vaisseaux sanguins. <\/span><em style=\"font-size: 14px;\"><strong>Il faut savoir que les fibres du collag\u00e8ne sont plus solides que des fils d&#8217;acier du m\u00eame poids !<\/strong><\/em><\/p>\n<p>3) Elle augmente l&#8217;\u00e9nergie globale de l&#8217;organisme par augmentation du taux d&#8217;AMP cyclique.<br \/> 4) Elle intervient dans la fabrication de la noradr\u00e9naline c\u00e9r\u00e9brale, un neurotransmetteur essentiel pour l&#8217;attention et la concentration. Elle participe \u00e9galement \u00e0 la synth\u00e8se de la noradr\u00e9naline p\u00e9riph\u00e9rique (surr\u00e9nales) pour la gestion du stress.<br \/> 5) Elle stimule les \u00e9boueurs de l&#8217;organisme que sont les leucocytes (et non les agents d&#8217;une immunit\u00e9 qui n&#8217;existe pas). Ils sont de v\u00e9ritables \u201cgreniers \u00e0 vitamine C\u201d !<br \/> 6) Elle permet la conversion du cholest\u00e9rol en acides biliaires.<br \/> 7) Elle poss\u00e8de une action \u201canti-poison\u201d quasiment universelle :<\/p>\n<p><em style=\"font-size: 14px;\"><strong>\u2013 Elle interdit la transformation des nitrates et des nitrites en nitrosamines particuli\u00e8rement n\u00e9fastes pour l&#8217;homme. Ces poisons sont apport\u00e9s par l&#8217;alimentation, la pollution industrielle, les m\u00e9dicaments et les cosm\u00e9tiques (75 \u00e0 150 mg par jour).<\/strong><\/em><\/p>\n<p><em><strong>\u2013 Elle inhibe l&#8217;effet n\u00e9faste des poisons pr\u00e9sents dans l&#8217;amanite phallo\u00efde : le Dr Bastien utilisait de la vitamine C injectable (mais \u00e0 dose bien trop faible) chaque fois qu&#8217;il a tent\u00e9 de d\u00e9montrer l&#8217;efficacit\u00e9 de son protocole en ing\u00e9rant ce champignon.<\/strong><\/em><br \/> <em><strong>\u2013 Elle permet la ch\u00e9lation des m\u00e9taux lourds particuli\u00e8rement toxiques pour l&#8217;homme : plomb, nickel, cadmium, mercure, aluminium. La ch\u00e9lation rend ces m\u00e9taux inoffensifs et permet leur \u00e9limination sans trop de probl\u00e8mes. Un peu comme un poignard tranchant install\u00e9 dans une gaine de cuir\u2026 <\/strong><\/em><br \/> <em><strong>\u2013 Elle interdit la fabrication des toxines t\u00e9tanique, botulique, dipht\u00e9rique des germes correspondants, rendant les infections correspondantes totalement b\u00e9nignes*.<\/strong><\/em><br \/> <em><strong>\u2013 Elle antidote de mani\u00e8re remarquable les m\u00e9faits des divers colorants, pesticides et autres toxiques que l\u2019on trouve dans les aliments industriels et dans la fum\u00e9e du tabac. <\/strong><\/em><br \/> <em><strong>\u2013 Elle minimise les effets n\u00e9fastes de la chimioth\u00e9rapie&#8230;\u00a0<\/strong><\/em><span style=\"font-size: 14px;\">Cette multiplicit\u00e9 d&#8217;action ne peut se comprendre par un simple effet chimique d&#8217;antidotage. Il est clair que la vitamine C agit en permettant aux microzymas de faire ce travail.\u00a0<\/span><\/p>\n<p>8) Elle augmente le potentiel d&#8217;action de l&#8217;acide folique (vitamine B9).<br \/> 9) Elle inhibe les radicaux libres* : superoxyde, hydroxyle, peroxynitrite, oxyg\u00e8ne singulet&#8230; Ces radicaux libres sont \u00e0 l&#8217;origine d&#8217;un vieillissement pr\u00e9matur\u00e9 des tissus (rides profondes, cataracte, ath\u00e9roscl\u00e9rose) et d&#8217;un d\u00e9sordre de tous les m\u00e9tabolismes intracellulaires, des \u00e9changes entre milieux intra et extracellulaires et d&#8217;une inhibition de certaines vitamines vitales. La vitamine C pi\u00e8ge les radicaux libres dans le plasma, elle favorise l&#8217;action b\u00e9n\u00e9fique de la vitamine E et du s\u00e9l\u00e9nium qui va dans le m\u00eame sens. Il est donc essentiel d&#8217;avoir en permanence des taux plasmatiques en vitamine C suffisants.<br \/> 10) Elle fait dispara\u00eetre les fatigues pathologiques en permettant en particulier la r\u00e9g\u00e9n\u00e9ration du <strong>FOIE<\/strong> et des <strong>MUSCLES<\/strong>.<br \/> 11) Elle participe \u00e0 la r\u00e9g\u00e9n\u00e9ration des tissus n\u00e9cros\u00e9s ou atrophi\u00e9s par reconstruction des cellules : cellules nerveuses, cellules ophtalmiques, cellules h\u00e9patiques, cellules pancr\u00e9atiques endocrines (diab\u00e8te) en particulier.<br \/> 12) Enfin, par son caract\u00e8re acide, en quantit\u00e9s suffisantes, elle stoppe la d\u00e9shydratation profonde qui caract\u00e9rise la vieillesse. Chez les personnes \u00e2g\u00e9es, elle \u00e9vite l&#8217;ost\u00e9oporose et \u00e9limine tous les m\u00e9canismes de vieillissement.<br \/> Cette multitude de propri\u00e9t\u00e9s ne peut s&#8217;expliquer que par une action au niveau m\u00eame des microzymas, bien en de\u00e7\u00e0 de la cellule. Cette derni\u00e8re est une structure complexe construite par les microzymas pour permettre les \u00e9changes au c\u0153ur des organismes vivants volumineux.<br \/> La suppl\u00e9mentation en vitamine C naturelle de bonne qualit\u00e9 met les <strong>MICROZYMAS<\/strong> dans les conditions optimales de la vie. Sans elle, les microzymas fonctionnent comme ces po\u00eales \u00e0 mazout ou \u00e0 charbon dont le tirage d\u00e9faillant entra\u00eene chaque ann\u00e9e l\u2019asphyxie de familles enti\u00e8res par le mono-oxyde de carbone. <strong>La vitamine C est le garant d&#8217;un bon fonctionnement des microzymas.<\/strong><br \/> Si nous savions la fabriquer en quantit\u00e9s suffisantes ou si nous nous compl\u00e9mentions, aucun cancer jamais ne mettrait notre vie en danger, aucune maladie ne serait mortelle !<span style=\"font-size: 14px;\">\u00a0<\/span><\/p>\n<p><strong>L&#8217;ABSORPTION DE LA VITAMINE C<\/strong><\/p>\n<p>Prise par la bouche, la vitamine C passe par le tube digestif et rejoint le foie par le syst\u00e8me veineux PORTE (entre l\u2019intestin gr\u00eale et le foie). Le foie \u00e9tant tr\u00e8s avide de vitamine C, il en r\u00e9cup\u00e8re une tr\u00e8s grande partie et ce n&#8217;est que le surplus qui sera distribu\u00e9 au reste de l&#8217;organisme.<br \/> Pour les maladies s\u00e9v\u00e8res qui se situent ailleurs qu&#8217;au niveau digestif, il est donc indispensable de prendre des doses suffisantes \u2013 sup\u00e9rieures \u00e0 10 grammes par jour.<br \/> La voie rectale sera utile pour les doses sup\u00e9rieures \u00e0 60 grammes par jour en cas de d\u00e9vitalisation importante, en particulier suite \u00e0 des chimioth\u00e9rapies (Nous demander le protocole des perfusions rectales).<br \/> Il n&#8217;est pas utile d&#8217;ajouter du bicarbonate de soude hormis pour les doses sup\u00e9rieures \u00e0 15-20 grammes par jour : nous l&#8217;avons dit, l&#8217;acide L-Ascorbique n&#8217;acidifie jamais l&#8217;organisme, m\u00eame \u00e0 raison de 100 grammes par jour. Mais lorsque la v\u00e9sicule biliaire est tr\u00e8s engorg\u00e9e, il peut \u00eatre bon de commencer la cure en ajoutant du bicarbonate \u00e0 chaque prise pendant 3 semaines environ.<\/p>\n<p>&nbsp;<\/p>\n<p><span style=\"font-size: large;\"><strong>LES QUANTIT\u00c9S N\u00c9CESSAIRES \u00c0 LA VIE ET \u00c0 LA SANT\u00c9 !<\/strong><\/span><\/p>\n<p>Les posologies pr\u00e9conis\u00e9es par les uns et les autres sont sujettes \u00e0 bien des controverses, la plupart des scientifiques affirmant haut et fort qu&#8217;au-del\u00e0 d&#8217;un certain niveau d&#8217;apport, le surplus est imm\u00e9diatement \u00e9limin\u00e9 par les urines.<br \/> <strong>Cette assertion est absolument fausse :<\/strong> l&#8217;organisme est capable de <strong>STOCKER<\/strong> des quantit\u00e9s consid\u00e9rables de <strong>vitamine C<\/strong> pratiquement au niveau de tous les tissus. Ce stockage est quasi-illimit\u00e9. Plus les apports sont importants, plus les diff\u00e9rents tissus de l&#8217;organisme vont se charger en vitamine C, qui pourra \u00eatre r\u00e9-utilis\u00e9e ensuite pendant des mois en cas de d\u00e9faut d&#8217;apport. Ce qui n&#8217;exclut pas qu&#8217;il existe une fraction qui passe dans les urines : la vitamine C qui a \u00e9t\u00e9 utilis\u00e9e dans son r\u00f4le d&#8217;anti-oxydant pour \u00e9vacuer les radicaux libres et la vitamine C n\u00e9cessaire aux microzymas de l&#8217;arbre urinaire.<br \/> Les taux de vitamine C dans les divers organes et dans les leucocytes (globules blancs) augmentent rapidement avec le niveau des apports. Les <strong>LEUCOCYTES<\/strong> sont de v\u00e9ritables greniers \u00e0 vitamine C. Les organes qui se chargent prioritairement ensuite sont <strong>l&#8217;HYPOPHYSE<\/strong> et les <strong>GLANDES SURR\u00c9NALES<\/strong>, les <strong>YEUX<\/strong>, le <strong>CERVEAU<\/strong>,<strong> le foie, la rate et les reins<\/strong>&#8230;<br \/> Il est incontestable qu&#8217;une dose de quelques milligrammes par jour suffit th\u00e9oriquement \u00e0 \u00e9viter le scorbut aigu tel qu&#8217;il est d\u00e9crit dans les manuels. Pourtant, se limiter \u00e0 cette dose serait de la sottise et de l&#8217;inconscience.<br \/> <em><strong>Des \u00e9tudes sur les singes ont pu d\u00e9montrer que ces animaux, lorsqu&#8217;ils sont de corpulence comparable \u00e0 l&#8217;homme, consomment des fruits toute la journ\u00e9e, avec un apport avoisinant les CINQ \u00e0 DIX grammes par jour de vitamine C. Les v\u00e9t\u00e9rinaires, lorsqu&#8217;ils ont \u00e0 hospitaliser ces animaux, conseillent un apport journalier minimum de DEUX grammes, soit DEUX MILLE milligrammes.<\/strong> <\/em><br \/> Parall\u00e8lement, avant 1995, l&#8217;O.M.S. conseillait pour l&#8217;homme une ration journali\u00e8re de 25 \u00e0 75 mg ! A l&#8217;automne 1995, ils ont multipli\u00e9 ce chiffre par 10 pour arriver \u00e0 250 mg par jour. On est encore loin du compte ! Et les pharmaciens \u2013 suivant en cela les indications port\u00e9es sur la plupart des notices \u2013 crient au casse-cou au del\u00e0 de UN gramme par jour&#8230; <strong>Ce qui ne repose sur aucun fondement scientifique.<\/strong><br \/> <strong><em>Il est par ailleurs notoire que l&#8217;alcool, le tabac, certains m\u00e9dicaments comme l&#8217;aspirine, la pilule, la pollution atmosph\u00e9rique, les infections, le stress, la grossesse et m\u00eame l&#8217;exercice physique augmentent les besoins en vitamine C.<\/em><\/strong><br \/> Mais l\u00e0 comme dans bien des domaines, la d\u00e9sinformation s\u00e9vit.<br \/> Des \u201c<strong>campagnes de terreur<\/strong>\u201d sont orchestr\u00e9es par on ne sait trop qui, pr\u00e9tendant que la vitamine C serait dommageable aux femmes enceintes et \u00e0 leur b\u00e9b\u00e9&#8230;<br \/> R\u00e9guli\u00e8rement, ces \u201chistoires d&#8217;ogre\u201d ressortent \u00e0 la une d&#8217;un journal et la panique repart. Pourtant, rien ni personne n&#8217;ont pu d\u00e9montrer la r\u00e9alit\u00e9 de ces accusations port\u00e9es contre la vitamine C de fa\u00e7on s\u00e9rieuse et scientifique. Bien au contraire, il a \u00e9t\u00e9 d\u00e9montr\u00e9 que des doses \u00e9normes de vitamine C (de DIX \u00e0 VINGT grammes par jour) \u00e9taient tout \u00e0 fait b\u00e9n\u00e9fiques, tant pour une maman que pour son b\u00e9b\u00e9, ainsi que pour un enfant en pleine croissance, ou pour n&#8217;importe quel individu. Il n&#8217;a jamais \u00e9t\u00e9 possible de d\u00e9celer un niveau toxique mortel, m\u00eame \u00e0 <strong>4 kg par jour !<\/strong><br \/> En ce qui concerne la grossesse en particulier, la vitamine C favorise la fertilit\u00e9, aide la croissance des b\u00e9b\u00e9s, permet \u00e0 la maman de vivre sa grossesse au mieux, \u00e9vite les d\u00e9labrements trop fr\u00e9quents (paroi abdominale, seins) li\u00e9s \u00e0 une mauvaise qualit\u00e9 du collag\u00e8ne et de l&#8217;\u00e9lastine (\u00e0 coupler ici avec de l&#8217;huile d&#8217;olive de tr\u00e8s bonne qualit\u00e9 et en quantit\u00e9, et une suppl\u00e9mentation <strong>en vitamine E<\/strong>).<br \/> La compl\u00e9mentation syst\u00e9matique des femmes allaitantes ou des b\u00e9b\u00e9s en cas d&#8217;allaitement artificiel \u00e9vite \u00e0 100% la mort subite du nourrisson<strong> (voir encore le livre du Dr Archie Kalokerinos : la vitamine C, un m\u00e9decin t\u00e9moigne).<\/strong><br \/> <strong><em>On a \u00e9galement accus\u00e9 la vitamine C de favoriser les calculs r\u00e9naux (lithiase oxalique).<\/em> <\/strong><br \/> L\u00e0 encore, il s&#8217;agit d&#8217;un faux proc\u00e8s : toutes les recherches scientifiques s\u00e9rieuses ont d\u00e9montr\u00e9 qu&#8217;il ne pouvait y avoir d&#8217;augmentation du taux d&#8217;oxalates \u00e9limin\u00e9s par les urines \u00e0 moins de NEUF grammes de suppl\u00e9mentation quotidienne en ACIDE ASCORBIQUE RACEMIQUE, c&#8217;est \u00e0 dire comportant 50% de la forme dextrogyre inutilisable et nuisible. Et m\u00eame \u00e0 ce niveau et au del\u00e0, l&#8217;\u00e9limination urinaire des oxalates reste tr\u00e8s faible, insuffisante pour d\u00e9clencher une lithiase.<br \/> On a racont\u00e9 enfin que de forts taux de vitamine C dans le sang d\u00e9truisaient la <strong>vitamine B12<\/strong> ou faisaient chuter le taux de cuivre dans le sang.<br \/> Ces affirmations, l\u00e0 encore, sont totalement fantaisistes.<\/p>\n<p>De toute \u00e9vidence, la vitamine C d\u00e9range des trusts financiers extr\u00eamement puissants, qui orchestrent, avec la complicit\u00e9 des m\u00e9dias, un v\u00e9ritable sabotage de la sant\u00e9.<br \/> C&#8217;est ainsi qu&#8217;en 1975, un certain <strong>CHALMERS<\/strong>, m\u00e9decin, entreprit de compiler les r\u00e9sultats de plusieurs \u00e9tudes sur l&#8217;impact de la prise de vitamine C sur le rhume. C&#8217;est ce que l&#8217;on nomme une \u201cm\u00e9ta-analyse\u201d. Il en conclut que la vitamine C n&#8217;apporte aucun b\u00e9n\u00e9fice \u00e0 ce niveau. Encore aujourd&#8217;hui, les officiels se basent sur ces conclusions pour r\u00e9futer l&#8217;int\u00e9r\u00eat de toute compl\u00e9mentation. En fait, CHALMER a trich\u00e9 et menti de fa\u00e7on lamentable, \u00e0 la \u201cPasteur\u201d, c&#8217;est \u00e0 dire avec un culot et un aplomb absolument spectaculaire. Tous les scientifiques s\u00e9rieux en ont pris conscience, aujourd&#8217;hui.<br \/> De tr\u00e8s nombreux chercheurs ont pu d\u00e9montrer au contraire l&#8217;int\u00e9r\u00eat de doses importantes, parfois \u00e9normes, de vitamine C quotidiennement, pour lutter contre les maladies infectieuses avec des r\u00e9sultats spectaculaires.<br \/> Les maladies dites virales sont stopp\u00e9es nettes, comme la polio, l&#8217;herp\u00e8s, le zona.<br \/> Les toxi-infections perdent instantan\u00e9ment leur caract\u00e8re effroyable.<br \/> Des pneumopathies tr\u00e8s graves ont pu \u00eatre enray\u00e9es avec des doses de DEUX CENT grammes de vitamine C par jour en intraveineux.<br \/> La prise quotidienne de vitamine C en quantit\u00e9 suffisante (<strong>entre 5 et 10 grammes par jour<\/strong>) \u00e9limine pratiquement tout risque de contamination par les maladies dites &#8220;contagieuses&#8221;.<\/p>\n<p>Il reste le probl\u00e8me du cancer.\u00a0<strong>Linus PAULING<\/strong> a tout fait pour d\u00e9montrer l&#8217;int\u00e9r\u00eat de la vitamine C dans la survie et le confort des malades jug\u00e9s incurables par la m\u00e9decine officielle. Dans un premier temps, des \u00e9tudes faites dans divers services hospitaliers ont sembl\u00e9 devoir \u00eatre prometteuses. Mais elles sont \u00e9t\u00e9 contredites par deux \u00e9tudes en double-aveugle men\u00e9es par la clinique Mayo (1978)&#8230;<br \/> Ce n&#8217;est qu&#8217;en 1990, apr\u00e8s que l&#8217;int\u00e9r\u00eat de la suppl\u00e9mentation en vitamine C pour pr\u00e9venir le cancer fut d\u00e9montr\u00e9, que Linus PAULING obtint enfin la parole aupr\u00e8s des m\u00e9dias. Il d\u00e9montra que les \u00e9tudes men\u00e9es par la clinique <strong>MAYO<\/strong> avaient \u00e9t\u00e9 truqu\u00e9es, une fois encore. Aucune autre \u00e9tude s\u00e9rieuse en double aveugle n&#8217;a jamais \u00e9t\u00e9 men\u00e9e depuis, compte tenu en particulier de l&#8217;engouement de la population pour cette vitamine C inoffensive.<br \/> Linus PAULING admettait quant \u00e0 lui que la vitamine C ralentit la progression de la maladie, stimule l&#8217;immunit\u00e9 et am\u00e9liore la qualit\u00e9 de vie des malades ainsi que leur temps de survie. Il n&#8217;a jamais pr\u00e9tendu que la vitamine C \u00e9tait un traitement \u00e0 proprement parler du cancer.<br \/> <strong><em>Il semble bien que la vitamine C permet aux microzymas de faire leur travail correctement :<\/em><\/strong> le cancer est une bou\u00e9e de sauvetage, il n\u2019a pas \u00e0 entra\u00eener de trouble fonctionnel, de compression d\u2019organes vitaux comme d\u2019occlusion digestive ou de lymphoed\u00e8me par exemple. <strong>La vitamine C est donc le garant d\u2019une construction des tumeurs limit\u00e9e dans l\u2019espace, ne mettant jamais la vie en danger.\u2008Le d\u00e9montage de ces cancers va \u00eatre \u00e9galement beaucoup plus facile et confortable si la vitamine C est pr\u00e9sente en quantit\u00e9 suffisante.<\/strong><\/p>\n<p><strong><\/strong><\/p>\n<p><span style=\"font-size: large;\"><strong>LES POSOLOGIES MINIMALES<\/strong><\/span><\/p>\n<p><strong><br \/> \u2013 1 \u00e0 2 grammes par jour chez l&#8217;enfant avant UN an,<br \/> \u2013 ajouter ensuite 1 gramme par ann\u00e9e d&#8217;\u00e2ge jusqu&#8217;\u00e0 10 ans, et continuer ensuite comme chez l&#8217;adulte,<br \/> \u2013 10 grammes par jour chez l&#8217;adulte normal,<br \/> \u2013 15 \u00e0 20 grammes par jour chez la femme enceinte ou qui allaite.<br \/> Il faut multiplier ces chiffres par 2, 3, 4 ou m\u00eame 5 lorsque le niveau de stress est intense, ou bien lorsqu&#8217;on veut traiter une maladie s\u00e9v\u00e8re.<br \/> J&#8217;ai pu personnellement en contr\u00f4ler l&#8217;efficacit\u00e9 th\u00e9rapeutique \u2013 tr\u00e8s rapidement \u2013 par des bilans biologiques classiques, lorsque j&#8217;ai eu \u00e0 accompagner des personnes souffrant d&#8217;h\u00e9patites, qu&#8217;elles soient \u201cA\u201d, \u201cB\u201d ou \u201cC\u201d, avec bien s\u00fbr des doses de 20 \u00e0 30 grammes par jour chez l\u2019adulte. Tr\u00e8s souvent, les tests s\u00e9rologiques eux-m\u00eames se n\u00e9gativent au bout d&#8217;un an de cure.<br \/> Il vaut mieux en r\u00e9partir les prises dans la journ\u00e9e.<br \/> Un \u00e0 deux grammes par heure sont n\u00e9cessaires, par exemple, pour contr\u00f4ler une maladie aigu\u00eb.<br \/> On peut la prendre avant d&#8217;aller se coucher sans probl\u00e8me et m\u00eame dans la nuit.<\/strong><\/p>\n<p><strong>La vitamine C apaise remarquablement les enfants qui viennent de faire un cauchemar par exemple, et leur permet de se rendormir.<\/strong><\/p>\n<p><strong>Il faut bien prendre conscience du fait qu&#8217;il n&#8217;y a jamais le moindre risque de surdosage !<br \/> Pour une personne en bonne sant\u00e9, prendre 5 \u00e0 7 grammes le matin et la m\u00eame chose au cours du souper semble un bon compromis pour \u00e9viter l\u2019incidence des stress dans la journ\u00e9e et favoriser une bonne r\u00e9cup\u00e9ration la nuit.<br \/> En cas d&#8217;\u00e9nervement occasionn\u00e9 par la compl\u00e9mentation (exceptionnel), il faut rapidement augmenter les doses. En effet, l&#8217;avidit\u00e9 de l&#8217;organisme (s&#8217;il en est priv\u00e9 depuis trop longtemps) g\u00e9n\u00e8re parfois une certaine f\u00e9brilit\u00e9 qui ne durera que quelques jours.<\/strong><\/p>\n<p>&nbsp;<\/p>\n<p>&nbsp;<\/p>\n<p>&nbsp;<\/p>\n<p>[\/et_pb_text][\/et_pb_column][\/et_pb_row][\/et_pb_section][et_pb_section fb_built=&#8221;1&#8243; _builder_version=&#8221;4.4.7&#8243; custom_margin=&#8221;1px|||||&#8221; custom_padding=&#8221;37px||17px|||&#8221;][et_pb_row _builder_version=&#8221;4.4.7&#8243; width=&#8221;100%&#8221; max_width=&#8221;100%&#8221; module_alignment=&#8221;center&#8221; custom_margin=&#8221;0px|auto|-18px|auto|false|false&#8221; custom_padding=&#8221;0px||||false|false&#8221; border_width_bottom=&#8221;4px&#8221; border_color_bottom=&#8221;#560505&#8243;][et_pb_column type=&#8221;4_4&#8243; _builder_version=&#8221;4.4.7&#8243;][et_pb_text _builder_version=&#8221;4.4.7&#8243;][\/et_pb_text][\/et_pb_column][\/et_pb_row][\/et_pb_section]<\/p>\n","protected":false},"excerpt":{"rendered":"<p>[et_pb_section fb_built=&#8221;1&#8243; admin_label=&#8221;Hero section&#8221; _builder_version=&#8221;4.4.7&#8243; use_background_color_gradient=&#8221;on&#8221; background_color_gradient_start=&#8221;rgba(255,0,0,0.38)&#8221; background_color_gradient_end=&#8221;rgba(117,0,0,0.29)&#8221; background_color_gradient_direction=&#8221;360deg&#8221; background_color_gradient_overlays_image=&#8221;on&#8221; background_image=&#8221;https:\/\/energieinvisible.fr\/wp-content\/uploads\/2020\/12\/Methode_back-scaled.jpg&#8221; background_position=&#8221;bottom_center&#8221; background_blend=&#8221;multiply&#8221; custom_margin=&#8221;|||&#8221; custom_padding=&#8221;5.2%||14.1%|||&#8221;][et_pb_row column_structure=&#8221;2_3,1_3&#8243; _builder_version=&#8221;4.4.7&#8243; custom_margin=&#8221;|||&#8221;][et_pb_column type=&#8221;2_3&#8243; _builder_version=&#8221;4.4.7&#8243; custom_padding=&#8221;1px|||&#8221; custom_padding__hover=&#8221;|||&#8221;][et_pb_cta title=&#8221;Ma m\u00e9thode de soin&#8221; button_url=&#8221;#introduction&#8221; button_text=&#8221;Introduction&#8221; _builder_version=&#8221;4.4.7&#8243; header_level=&#8221;h1&#8243; header_font=&#8221;Lato|900||on|||||&#8221; header_font_size=&#8221;80px&#8221; header_letter_spacing=&#8221;2px&#8221; header_line_height=&#8221;1.2em&#8221; body_font=&#8221;Lato||||||||&#8221; body_font_size=&#8221;20px&#8221; body_line_height=&#8221;1.8em&#8221; use_background_color=&#8221;off&#8221; custom_button=&#8221;on&#8221; button_text_size=&#8221;16px&#8221; button_text_color=&#8221;#ffffff&#8221; button_bg_color=&#8221;#fa7f28&#8243; button_border_width=&#8221;6px&#8221; button_border_color=&#8221;#fa7f28&#8243; button_border_radius=&#8221;5px&#8221; button_letter_spacing=&#8221;2px&#8221; button_font=&#8221;Lato|900||on|||||&#8221; text_orientation=&#8221;left&#8221; max_width=&#8221;750px&#8221; module_alignment=&#8221;left&#8221; custom_margin=&#8221;|75px||||&#8221; animation_style=&#8221;fold&#8221; animation_intensity_fold=&#8221;16%&#8221; header_font_size_tablet=&#8221;46px&#8221; header_font_size_phone=&#8221;&#8221; [&hellip;]<\/p>\n","protected":false},"author":1,"featured_media":0,"parent":0,"menu_order":0,"comment_status":"closed","ping_status":"closed","template":"","meta":{"_et_pb_use_builder":"on","_et_pb_old_content":"","_et_gb_content_width":"","footnotes":""},"class_list":["post-470","page","type-page","status-publish","hentry"],"yoast_head":"<!-- This site is optimized with the Yoast SEO plugin v22.0 - https:\/\/yoast.com\/wordpress\/plugins\/seo\/ -->\n<title>M\u00e9thode de soin - Energie invisible - \u00e9quilibre infini<\/title>\n<meta name=\"robots\" content=\"index, follow, max-snippet:-1, max-image-preview:large, max-video-preview:-1\" \/>\n<link rel=\"canonical\" href=\"https:\/\/energieinvisible.fr\/index.php\/470-2\/\" \/>\n<meta property=\"og:locale\" content=\"en_US\" \/>\n<meta property=\"og:type\" content=\"article\" \/>\n<meta property=\"og:title\" content=\"M\u00e9thode de soin - Energie invisible - \u00e9quilibre infini\" \/>\n<meta property=\"og:description\" content=\"[et_pb_section fb_built=&#8221;1&#8243; admin_label=&#8221;Hero section&#8221; _builder_version=&#8221;4.4.7&#8243; use_background_color_gradient=&#8221;on&#8221; background_color_gradient_start=&#8221;rgba(255,0,0,0.38)&#8221; background_color_gradient_end=&#8221;rgba(117,0,0,0.29)&#8221; background_color_gradient_direction=&#8221;360deg&#8221; background_color_gradient_overlays_image=&#8221;on&#8221; background_image=&#8221;https:\/\/energieinvisible.fr\/wp-content\/uploads\/2020\/12\/Methode_back-scaled.jpg&#8221; background_position=&#8221;bottom_center&#8221; background_blend=&#8221;multiply&#8221; custom_margin=&#8221;|||&#8221; custom_padding=&#8221;5.2%||14.1%|||&#8221;][et_pb_row column_structure=&#8221;2_3,1_3&#8243; _builder_version=&#8221;4.4.7&#8243; custom_margin=&#8221;|||&#8221;][et_pb_column type=&#8221;2_3&#8243; _builder_version=&#8221;4.4.7&#8243; custom_padding=&#8221;1px|||&#8221; custom_padding__hover=&#8221;|||&#8221;][et_pb_cta title=&#8221;Ma m\u00e9thode de soin&#8221; button_url=&#8221;#introduction&#8221; button_text=&#8221;Introduction&#8221; _builder_version=&#8221;4.4.7&#8243; header_level=&#8221;h1&#8243; header_font=&#8221;Lato|900||on|||||&#8221; header_font_size=&#8221;80px&#8221; header_letter_spacing=&#8221;2px&#8221; header_line_height=&#8221;1.2em&#8221; body_font=&#8221;Lato||||||||&#8221; body_font_size=&#8221;20px&#8221; body_line_height=&#8221;1.8em&#8221; use_background_color=&#8221;off&#8221; custom_button=&#8221;on&#8221; button_text_size=&#8221;16px&#8221; button_text_color=&#8221;#ffffff&#8221; button_bg_color=&#8221;#fa7f28&#8243; button_border_width=&#8221;6px&#8221; button_border_color=&#8221;#fa7f28&#8243; button_border_radius=&#8221;5px&#8221; button_letter_spacing=&#8221;2px&#8221; button_font=&#8221;Lato|900||on|||||&#8221; text_orientation=&#8221;left&#8221; max_width=&#8221;750px&#8221; module_alignment=&#8221;left&#8221; custom_margin=&#8221;|75px||||&#8221; animation_style=&#8221;fold&#8221; animation_intensity_fold=&#8221;16%&#8221; header_font_size_tablet=&#8221;46px&#8221; header_font_size_phone=&#8221;&#8221; [&hellip;]\" \/>\n<meta property=\"og:url\" content=\"https:\/\/energieinvisible.fr\/index.php\/470-2\/\" \/>\n<meta property=\"og:site_name\" content=\"Energie invisible - \u00e9quilibre infini\" \/>\n<meta property=\"article:publisher\" content=\"https:\/\/www.facebook.com\/simon.pollet.792\" \/>\n<meta property=\"article:modified_time\" content=\"2020-12-02T15:00:16+00:00\" \/>\n<meta name=\"twitter:card\" content=\"summary_large_image\" \/>\n<meta name=\"twitter:label1\" content=\"Est. reading time\" \/>\n\t<meta name=\"twitter:data1\" content=\"41 minutes\" \/>\n<script type=\"application\/ld+json\" class=\"yoast-schema-graph\">{\"@context\":\"https:\/\/schema.org\",\"@graph\":[{\"@type\":\"WebPage\",\"@id\":\"https:\/\/energieinvisible.fr\/index.php\/470-2\/\",\"url\":\"https:\/\/energieinvisible.fr\/index.php\/470-2\/\",\"name\":\"M\u00e9thode de soin - Energie invisible - \u00e9quilibre infini\",\"isPartOf\":{\"@id\":\"https:\/\/energieinvisible.fr\/#website\"},\"datePublished\":\"2020-12-01T12:59:57+00:00\",\"dateModified\":\"2020-12-02T15:00:16+00:00\",\"breadcrumb\":{\"@id\":\"https:\/\/energieinvisible.fr\/index.php\/470-2\/#breadcrumb\"},\"inLanguage\":\"en-US\",\"potentialAction\":[{\"@type\":\"ReadAction\",\"target\":[\"https:\/\/energieinvisible.fr\/index.php\/470-2\/\"]}]},{\"@type\":\"BreadcrumbList\",\"@id\":\"https:\/\/energieinvisible.fr\/index.php\/470-2\/#breadcrumb\",\"itemListElement\":[{\"@type\":\"ListItem\",\"position\":1,\"name\":\"Home\",\"item\":\"https:\/\/energieinvisible.fr\/\"},{\"@type\":\"ListItem\",\"position\":2,\"name\":\"M\u00e9thode de soin\"}]},{\"@type\":\"WebSite\",\"@id\":\"https:\/\/energieinvisible.fr\/#website\",\"url\":\"https:\/\/energieinvisible.fr\/\",\"name\":\"Energie invisible - \u00e9quilibre infini\",\"description\":\"Th\u00e9rapeute Linequartz\",\"publisher\":{\"@id\":\"https:\/\/energieinvisible.fr\/#organization\"},\"potentialAction\":[{\"@type\":\"SearchAction\",\"target\":{\"@type\":\"EntryPoint\",\"urlTemplate\":\"https:\/\/energieinvisible.fr\/?s={search_term_string}\"},\"query-input\":\"required name=search_term_string\"}],\"inLanguage\":\"en-US\"},{\"@type\":\"Organization\",\"@id\":\"https:\/\/energieinvisible.fr\/#organization\",\"name\":\"EI.linequartz\",\"url\":\"https:\/\/energieinvisible.fr\/\",\"logo\":{\"@type\":\"ImageObject\",\"inLanguage\":\"en-US\",\"@id\":\"https:\/\/energieinvisible.fr\/#\/schema\/logo\/image\/\",\"url\":\"https:\/\/energieinvisible.fr\/wp-content\/uploads\/2020\/05\/logo_web.jpg\",\"contentUrl\":\"https:\/\/energieinvisible.fr\/wp-content\/uploads\/2020\/05\/logo_web.jpg\",\"width\":541,\"height\":541,\"caption\":\"EI.linequartz\"},\"image\":{\"@id\":\"https:\/\/energieinvisible.fr\/#\/schema\/logo\/image\/\"},\"sameAs\":[\"https:\/\/www.facebook.com\/simon.pollet.792\"]}]}<\/script>\n<!-- \/ Yoast SEO plugin. -->","yoast_head_json":{"title":"M\u00e9thode de soin - Energie invisible - \u00e9quilibre infini","robots":{"index":"index","follow":"follow","max-snippet":"max-snippet:-1","max-image-preview":"max-image-preview:large","max-video-preview":"max-video-preview:-1"},"canonical":"https:\/\/energieinvisible.fr\/index.php\/470-2\/","og_locale":"en_US","og_type":"article","og_title":"M\u00e9thode de soin - Energie invisible - \u00e9quilibre infini","og_description":"[et_pb_section fb_built=&#8221;1&#8243; admin_label=&#8221;Hero section&#8221; _builder_version=&#8221;4.4.7&#8243; use_background_color_gradient=&#8221;on&#8221; background_color_gradient_start=&#8221;rgba(255,0,0,0.38)&#8221; background_color_gradient_end=&#8221;rgba(117,0,0,0.29)&#8221; background_color_gradient_direction=&#8221;360deg&#8221; background_color_gradient_overlays_image=&#8221;on&#8221; background_image=&#8221;https:\/\/energieinvisible.fr\/wp-content\/uploads\/2020\/12\/Methode_back-scaled.jpg&#8221; background_position=&#8221;bottom_center&#8221; background_blend=&#8221;multiply&#8221; custom_margin=&#8221;|||&#8221; custom_padding=&#8221;5.2%||14.1%|||&#8221;][et_pb_row column_structure=&#8221;2_3,1_3&#8243; _builder_version=&#8221;4.4.7&#8243; custom_margin=&#8221;|||&#8221;][et_pb_column type=&#8221;2_3&#8243; _builder_version=&#8221;4.4.7&#8243; custom_padding=&#8221;1px|||&#8221; custom_padding__hover=&#8221;|||&#8221;][et_pb_cta title=&#8221;Ma m\u00e9thode de soin&#8221; button_url=&#8221;#introduction&#8221; button_text=&#8221;Introduction&#8221; _builder_version=&#8221;4.4.7&#8243; header_level=&#8221;h1&#8243; header_font=&#8221;Lato|900||on|||||&#8221; header_font_size=&#8221;80px&#8221; header_letter_spacing=&#8221;2px&#8221; header_line_height=&#8221;1.2em&#8221; body_font=&#8221;Lato||||||||&#8221; body_font_size=&#8221;20px&#8221; body_line_height=&#8221;1.8em&#8221; use_background_color=&#8221;off&#8221; custom_button=&#8221;on&#8221; button_text_size=&#8221;16px&#8221; button_text_color=&#8221;#ffffff&#8221; button_bg_color=&#8221;#fa7f28&#8243; button_border_width=&#8221;6px&#8221; button_border_color=&#8221;#fa7f28&#8243; button_border_radius=&#8221;5px&#8221; button_letter_spacing=&#8221;2px&#8221; button_font=&#8221;Lato|900||on|||||&#8221; text_orientation=&#8221;left&#8221; max_width=&#8221;750px&#8221; module_alignment=&#8221;left&#8221; custom_margin=&#8221;|75px||||&#8221; animation_style=&#8221;fold&#8221; animation_intensity_fold=&#8221;16%&#8221; header_font_size_tablet=&#8221;46px&#8221; header_font_size_phone=&#8221;&#8221; [&hellip;]","og_url":"https:\/\/energieinvisible.fr\/index.php\/470-2\/","og_site_name":"Energie invisible - \u00e9quilibre infini","article_publisher":"https:\/\/www.facebook.com\/simon.pollet.792","article_modified_time":"2020-12-02T15:00:16+00:00","twitter_card":"summary_large_image","twitter_misc":{"Est. reading time":"41 minutes"},"schema":{"@context":"https:\/\/schema.org","@graph":[{"@type":"WebPage","@id":"https:\/\/energieinvisible.fr\/index.php\/470-2\/","url":"https:\/\/energieinvisible.fr\/index.php\/470-2\/","name":"M\u00e9thode de soin - Energie invisible - \u00e9quilibre infini","isPartOf":{"@id":"https:\/\/energieinvisible.fr\/#website"},"datePublished":"2020-12-01T12:59:57+00:00","dateModified":"2020-12-02T15:00:16+00:00","breadcrumb":{"@id":"https:\/\/energieinvisible.fr\/index.php\/470-2\/#breadcrumb"},"inLanguage":"en-US","potentialAction":[{"@type":"ReadAction","target":["https:\/\/energieinvisible.fr\/index.php\/470-2\/"]}]},{"@type":"BreadcrumbList","@id":"https:\/\/energieinvisible.fr\/index.php\/470-2\/#breadcrumb","itemListElement":[{"@type":"ListItem","position":1,"name":"Home","item":"https:\/\/energieinvisible.fr\/"},{"@type":"ListItem","position":2,"name":"M\u00e9thode de soin"}]},{"@type":"WebSite","@id":"https:\/\/energieinvisible.fr\/#website","url":"https:\/\/energieinvisible.fr\/","name":"Energie invisible - \u00e9quilibre infini","description":"Th\u00e9rapeute Linequartz","publisher":{"@id":"https:\/\/energieinvisible.fr\/#organization"},"potentialAction":[{"@type":"SearchAction","target":{"@type":"EntryPoint","urlTemplate":"https:\/\/energieinvisible.fr\/?s={search_term_string}"},"query-input":"required name=search_term_string"}],"inLanguage":"en-US"},{"@type":"Organization","@id":"https:\/\/energieinvisible.fr\/#organization","name":"EI.linequartz","url":"https:\/\/energieinvisible.fr\/","logo":{"@type":"ImageObject","inLanguage":"en-US","@id":"https:\/\/energieinvisible.fr\/#\/schema\/logo\/image\/","url":"https:\/\/energieinvisible.fr\/wp-content\/uploads\/2020\/05\/logo_web.jpg","contentUrl":"https:\/\/energieinvisible.fr\/wp-content\/uploads\/2020\/05\/logo_web.jpg","width":541,"height":541,"caption":"EI.linequartz"},"image":{"@id":"https:\/\/energieinvisible.fr\/#\/schema\/logo\/image\/"},"sameAs":["https:\/\/www.facebook.com\/simon.pollet.792"]}]}},"_links":{"self":[{"href":"https:\/\/energieinvisible.fr\/index.php\/wp-json\/wp\/v2\/pages\/470","targetHints":{"allow":["GET"]}}],"collection":[{"href":"https:\/\/energieinvisible.fr\/index.php\/wp-json\/wp\/v2\/pages"}],"about":[{"href":"https:\/\/energieinvisible.fr\/index.php\/wp-json\/wp\/v2\/types\/page"}],"author":[{"embeddable":true,"href":"https:\/\/energieinvisible.fr\/index.php\/wp-json\/wp\/v2\/users\/1"}],"replies":[{"embeddable":true,"href":"https:\/\/energieinvisible.fr\/index.php\/wp-json\/wp\/v2\/comments?post=470"}],"version-history":[{"count":67,"href":"https:\/\/energieinvisible.fr\/index.php\/wp-json\/wp\/v2\/pages\/470\/revisions"}],"predecessor-version":[{"id":642,"href":"https:\/\/energieinvisible.fr\/index.php\/wp-json\/wp\/v2\/pages\/470\/revisions\/642"}],"wp:attachment":[{"href":"https:\/\/energieinvisible.fr\/index.php\/wp-json\/wp\/v2\/media?parent=470"}],"curies":[{"name":"wp","href":"https:\/\/api.w.org\/{rel}","templated":true}]}}